{"id":1006,"date":"2017-05-12T10:10:56","date_gmt":"2017-05-12T08:10:56","guid":{"rendered":"http:\/\/www.ville-eugenie-les-bains.fr\/elb\/?page_id=1006"},"modified":"2023-02-19T10:54:53","modified_gmt":"2023-02-19T09:54:53","slug":"ecole-eugenielesbains","status":"publish","type":"page","link":"https:\/\/www.ville-eugenie-les-bains.fr\/elb\/ecole-eugenielesbains\/","title":{"rendered":"Ecole"},"content":{"rendered":"<p>[et_pb_section fb_built=\u00a0\u00bb1&Prime; fullwidth=\u00a0\u00bbon\u00a0\u00bb admin_label=\u00a0\u00bbSection\u00a0\u00bb _builder_version=\u00a0\u00bb4.16&Prime; global_colors_info=\u00a0\u00bb{}\u00a0\u00bb][et_pb_fullwidth_slider admin_label=\u00a0\u00bbCurseur de d\u00e9filement plein \u00e9cran\u00a0\u00bb _builder_version=\u00a0\u00bb4.16&Prime; background_position=\u00a0\u00bbtop_left\u00a0\u00bb custom_padding=\u00a0\u00bb|||\u00a0\u00bb custom_padding_tablet=\u00a0\u00bb|||\u00a0\u00bb custom_padding_phone=\u00a0\u00bb|||\u00a0\u00bb box_shadow_style=\u00a0\u00bbpreset6&Prime; box_shadow_blur=\u00a0\u00bb10px\u00a0\u00bb box_shadow_color=\u00a0\u00bbrgba(0,0,0,0.1)\u00a0\u00bb remove_inner_shadow=\u00a0\u00bboff\u00a0\u00bb hide_content_on_mobile=\u00a0\u00bboff\u00a0\u00bb hide_cta_on_mobile=\u00a0\u00bboff\u00a0\u00bb show_inner_shadow=\u00a0\u00bbon\u00a0\u00bb button_letter_spacing_hover=\u00a0\u00bb0&Prime; global_colors_info=\u00a0\u00bb{}\u00a0\u00bb button_text_size__hover_enabled=\u00a0\u00bboff\u00a0\u00bb button_one_text_size__hover_enabled=\u00a0\u00bboff\u00a0\u00bb button_two_text_size__hover_enabled=\u00a0\u00bboff\u00a0\u00bb button_text_color__hover_enabled=\u00a0\u00bboff\u00a0\u00bb button_one_text_color__hover_enabled=\u00a0\u00bboff\u00a0\u00bb button_two_text_color__hover_enabled=\u00a0\u00bboff\u00a0\u00bb button_border_width__hover_enabled=\u00a0\u00bboff\u00a0\u00bb button_one_border_width__hover_enabled=\u00a0\u00bboff\u00a0\u00bb button_two_border_width__hover_enabled=\u00a0\u00bboff\u00a0\u00bb button_border_color__hover_enabled=\u00a0\u00bboff\u00a0\u00bb button_one_border_color__hover_enabled=\u00a0\u00bboff\u00a0\u00bb button_two_border_color__hover_enabled=\u00a0\u00bboff\u00a0\u00bb button_border_radius__hover_enabled=\u00a0\u00bboff\u00a0\u00bb button_one_border_radius__hover_enabled=\u00a0\u00bboff\u00a0\u00bb button_two_border_radius__hover_enabled=\u00a0\u00bboff\u00a0\u00bb button_letter_spacing__hover_enabled=\u00a0\u00bbon\u00a0\u00bb button_letter_spacing__hover=\u00a0\u00bb0&Prime; button_one_letter_spacing__hover_enabled=\u00a0\u00bboff\u00a0\u00bb button_two_letter_spacing__hover_enabled=\u00a0\u00bboff\u00a0\u00bb button_bg_color__hover_enabled=\u00a0\u00bboff\u00a0\u00bb button_one_bg_color__hover_enabled=\u00a0\u00bboff\u00a0\u00bb button_two_bg_color__hover_enabled=\u00a0\u00bboff\u00a0\u00bb][et_pb_slide use_bg_overlay=\u00a0\u00bboff\u00a0\u00bb use_text_overlay=\u00a0\u00bboff\u00a0\u00bb _builder_version=\u00a0\u00bb4.16&Prime; header_font=\u00a0\u00bb||||\u00a0\u00bb body_font=\u00a0\u00bb||||\u00a0\u00bb background_color=\u00a0\u00bb#ffffff\u00a0\u00bb background_image=\u00a0\u00bbhttps:\/\/www.ville-eugenie-les-bains.fr\/elb\/wp-content\/uploads\/2017\/05\/Ecole-EugenielesBains.jpg\u00a0\u00bb background_enable_image=\u00a0\u00bbon\u00a0\u00bb background_position=\u00a0\u00bbbottom_center\u00a0\u00bb button_icon_placement=\u00a0\u00bbright\u00a0\u00bb button_on_hover=\u00a0\u00bbon\u00a0\u00bb global_colors_info=\u00a0\u00bb{}\u00a0\u00bb button_text_size__hover_enabled=\u00a0\u00bboff\u00a0\u00bb button_one_text_size__hover_enabled=\u00a0\u00bboff\u00a0\u00bb button_two_text_size__hover_enabled=\u00a0\u00bboff\u00a0\u00bb button_text_color__hover_enabled=\u00a0\u00bboff\u00a0\u00bb button_one_text_color__hover_enabled=\u00a0\u00bboff\u00a0\u00bb button_two_text_color__hover_enabled=\u00a0\u00bboff\u00a0\u00bb button_border_width__hover_enabled=\u00a0\u00bboff\u00a0\u00bb button_one_border_width__hover_enabled=\u00a0\u00bboff\u00a0\u00bb button_two_border_width__hover_enabled=\u00a0\u00bboff\u00a0\u00bb button_border_color__hover_enabled=\u00a0\u00bboff\u00a0\u00bb button_one_border_color__hover_enabled=\u00a0\u00bboff\u00a0\u00bb button_two_border_color__hover_enabled=\u00a0\u00bboff\u00a0\u00bb button_border_radius__hover_enabled=\u00a0\u00bboff\u00a0\u00bb button_one_border_radius__hover_enabled=\u00a0\u00bboff\u00a0\u00bb button_two_border_radius__hover_enabled=\u00a0\u00bboff\u00a0\u00bb button_letter_spacing__hover_enabled=\u00a0\u00bboff\u00a0\u00bb button_one_letter_spacing__hover_enabled=\u00a0\u00bboff\u00a0\u00bb button_two_letter_spacing__hover_enabled=\u00a0\u00bboff\u00a0\u00bb button_bg_color__hover_enabled=\u00a0\u00bboff\u00a0\u00bb button_one_bg_color__hover_enabled=\u00a0\u00bboff\u00a0\u00bb button_two_bg_color__hover_enabled=\u00a0\u00bboff\u00a0\u00bb sticky_transition=\u00a0\u00bbon\u00a0\u00bb][\/et_pb_slide][\/et_pb_fullwidth_slider][\/et_pb_section][et_pb_section fb_built=\u00a0\u00bb1&Prime; specialty=\u00a0\u00bbon\u00a0\u00bb parallax_method_1=\u00a0\u00bboff\u00a0\u00bb parallax_method_2=\u00a0\u00bboff\u00a0\u00bb admin_label=\u00a0\u00bbsection\u00a0\u00bb _builder_version=\u00a0\u00bb4.16&Prime; background_color=\u00a0\u00bb#fafafa\u00a0\u00bb transparent_background=\u00a0\u00bboff\u00a0\u00bb make_fullwidth=\u00a0\u00bboff\u00a0\u00bb use_custom_width=\u00a0\u00bboff\u00a0\u00bb width_unit=\u00a0\u00bbon\u00a0\u00bb global_colors_info=\u00a0\u00bb{}\u00a0\u00bb][et_pb_column type=\u00a0\u00bb3_4&Prime; specialty_columns=\u00a0\u00bb3&Prime; _builder_version=\u00a0\u00bb4.16&Prime; custom_padding=\u00a0\u00bb|||\u00a0\u00bb global_colors_info=\u00a0\u00bb{}\u00a0\u00bb custom_padding__hover=\u00a0\u00bb|||\u00a0\u00bb][et_pb_row_inner admin_label=\u00a0\u00bbrow_inner\u00a0\u00bb _builder_version=\u00a0\u00bb4.16&Prime; global_colors_info=\u00a0\u00bb{}\u00a0\u00bb][et_pb_column_inner saved_specialty_column_type=\u00a0\u00bb3_4&Prime; _builder_version=\u00a0\u00bb4.16&Prime; custom_padding=\u00a0\u00bb|||\u00a0\u00bb global_colors_info=\u00a0\u00bb{}\u00a0\u00bb custom_padding__hover=\u00a0\u00bb|||\u00a0\u00bb][et_pb_text admin_label=\u00a0\u00bbText\u00a0\u00bb _builder_version=\u00a0\u00bb4.20.0&Prime; hover_enabled=\u00a0\u00bb0&Prime; border_style=\u00a0\u00bbsolid\u00a0\u00bb global_colors_info=\u00a0\u00bb{}\u00a0\u00bb sticky_enabled=\u00a0\u00bb0&Prime;]<\/p>\n<h1>L&rsquo;\u00e9cole d&rsquo;Eug\u00e9nie-les-Bains<\/h1>\n<p>Depuis 2013, la comp\u00e9tence scolaire est devenue communautaire, c&rsquo;est donc la communaut\u00e9 de communes d&rsquo;Aire-sur-l&rsquo;Adour qui g\u00e8re maintenant le groupe scolaire et ses transports.<\/p>\n<p>(<a href=\"https:\/\/goo.gl\/maps\/XGRF9dm14AC2\" target=\"_blank\" rel=\"noopener noreferrer\">G\u00e9olocaliser<\/a>)<\/p>\n<p>&nbsp;<\/p>\n<div class=\"factbox object-right\">\n<div class=\"factbox-header\">\n<h2>Contacts<\/h2>\n<\/div>\n<div class=\"factbox-content\">\n<p>Pour des compl\u00e9ments d&rsquo;informations, n&rsquo;h\u00e9sitez pas \u00e0 contacter la Direction de l&rsquo;Education au si\u00e8ge de la\u00a0Communaut\u00e9\u00a0de\u00a0Communes\u00a0d&rsquo;Aire sur l&rsquo;Adour.<\/p>\n<div class=\"factbox-content\">\n<ul>\n<li>par t\u00e9l. : 05 58 45 19 05<\/li>\n<li>par courriel : <a href=\"mailto:cdc@cdcaire.org\" target=\"_blank\" rel=\"noopener\">cdc@cdcaire.org<\/a><\/li>\n<\/ul>\n<\/div>\n<p>Le minist\u00e8re de l&rsquo;Education Nationale met \u00e9galement un site internet \u00e0 votre disposition, n&rsquo;h\u00e9sitez pas \u00e0 le consulter\u00a0<a href=\"http:\/\/www.education.gouv.fr\/pid34299\/bien-preparer-la-rentree-2016.html\" target=\"_blank\" rel=\"noopener noreferrer\">ici<\/a>.<\/p>\n<\/div>\n<\/div>\n<p>[\/et_pb_text][et_pb_cta title=\u00a0\u00bbConsulter la page sur le site de la Comunaut\u00e9 de Comunnes\u00a0\u00bb button_url=\u00a0\u00bbhttps:\/\/www.cdcaire.org\/Communaute-de-communes\/Vivre-Habiter\/Bien-grandir\/La-vie-a-l-ecole\/Les-ecoles-du-territoire\u00a0\u00bb url_new_window=\u00a0\u00bbon\u00a0\u00bb button_text=\u00a0\u00bbPlus d&rsquo;infos ici\u00a0\u00bb admin_label=\u00a0\u00bbAppel d&rsquo;action\u00a0\u00bb _builder_version=\u00a0\u00bb4.16&Prime; background_color=\u00a0\u00bbrgba(224,153,0,0.18)\u00a0\u00bb background_layout=\u00a0\u00bblight\u00a0\u00bb button_letter_spacing_hover=\u00a0\u00bb0&Prime; border_style=\u00a0\u00bbsolid\u00a0\u00bb global_colors_info=\u00a0\u00bb{}\u00a0\u00bb button_text_size__hover_enabled=\u00a0\u00bboff\u00a0\u00bb button_one_text_size__hover_enabled=\u00a0\u00bboff\u00a0\u00bb button_two_text_size__hover_enabled=\u00a0\u00bboff\u00a0\u00bb button_text_color__hover_enabled=\u00a0\u00bboff\u00a0\u00bb button_one_text_color__hover_enabled=\u00a0\u00bboff\u00a0\u00bb button_two_text_color__hover_enabled=\u00a0\u00bboff\u00a0\u00bb button_border_width__hover_enabled=\u00a0\u00bboff\u00a0\u00bb button_one_border_width__hover_enabled=\u00a0\u00bboff\u00a0\u00bb button_two_border_width__hover_enabled=\u00a0\u00bboff\u00a0\u00bb button_border_color__hover_enabled=\u00a0\u00bboff\u00a0\u00bb button_one_border_color__hover_enabled=\u00a0\u00bboff\u00a0\u00bb button_two_border_color__hover_enabled=\u00a0\u00bboff\u00a0\u00bb button_border_radius__hover_enabled=\u00a0\u00bboff\u00a0\u00bb button_one_border_radius__hover_enabled=\u00a0\u00bboff\u00a0\u00bb button_two_border_radius__hover_enabled=\u00a0\u00bboff\u00a0\u00bb button_letter_spacing__hover_enabled=\u00a0\u00bbon\u00a0\u00bb button_letter_spacing__hover=\u00a0\u00bb0&Prime; button_one_letter_spacing__hover_enabled=\u00a0\u00bboff\u00a0\u00bb button_two_letter_spacing__hover_enabled=\u00a0\u00bboff\u00a0\u00bb button_bg_color__hover_enabled=\u00a0\u00bboff\u00a0\u00bb button_one_bg_color__hover_enabled=\u00a0\u00bboff\u00a0\u00bb button_two_bg_color__hover_enabled=\u00a0\u00bboff\u00a0\u00bb][\/et_pb_cta][et_pb_image src=\u00a0\u00bbhttp:\/\/www.ville-eugenie-les-bains.fr\/elb\/wp-content\/uploads\/2017\/05\/EcoleEugenielesBains.jpg\u00a0\u00bb show_in_lightbox=\u00a0\u00bbon\u00a0\u00bb align_tablet=\u00a0\u00bbcenter\u00a0\u00bb align_phone=\u00a0\u00bb\u00a0\u00bb align_last_edited=\u00a0\u00bbon|desktop\u00a0\u00bb admin_label=\u00a0\u00bbImage\u00a0\u00bb _builder_version=\u00a0\u00bb4.16&Prime; use_border_color=\u00a0\u00bboff\u00a0\u00bb border_color=\u00a0\u00bb#ffffff\u00a0\u00bb border_style=\u00a0\u00bbsolid\u00a0\u00bb animation=\u00a0\u00bboff\u00a0\u00bb sticky=\u00a0\u00bboff\u00a0\u00bb always_center_on_mobile=\u00a0\u00bbon\u00a0\u00bb global_colors_info=\u00a0\u00bb{}\u00a0\u00bb][\/et_pb_image][\/et_pb_column_inner][\/et_pb_row_inner][\/et_pb_column][et_pb_column type=\u00a0\u00bb1_4&Prime; _builder_version=\u00a0\u00bb4.16&Prime; custom_padding=\u00a0\u00bb|||\u00a0\u00bb global_colors_info=\u00a0\u00bb{}\u00a0\u00bb custom_padding__hover=\u00a0\u00bb|||\u00a0\u00bb][et_pb_sidebar orientation=\u00a0\u00bbright\u00a0\u00bb area=\u00a0\u00bbsidebar-1&Prime; admin_label=\u00a0\u00bbSidebar\u00a0\u00bb _builder_version=\u00a0\u00bb4.16&Prime; header_font_size=\u00a0\u00bb20&Prime; body_text_color=\u00a0\u00bb#73b781&Prime; global_colors_info=\u00a0\u00bb{}\u00a0\u00bb][\/et_pb_sidebar][\/et_pb_column][\/et_pb_section]<\/p>\n","protected":false},"excerpt":{"rendered":"<p>L&rsquo;\u00e9cole d&rsquo;Eug\u00e9nie-les-Bains Depuis 2013, la comp\u00e9tence scolaire est devenue communautaire, c&rsquo;est donc la communaut\u00e9 de communes d&rsquo;Aire-sur-l&rsquo;Adour qui g\u00e8re maintenant le groupe scolaire et ses transports. (G\u00e9olocaliser) &nbsp; Contacts Pour des compl\u00e9ments d&rsquo;informations, n&rsquo;h\u00e9sitez pas \u00e0 contacter la Direction de l&rsquo;Education au si\u00e8ge de la\u00a0Communaut\u00e9\u00a0de\u00a0Communes\u00a0d&rsquo;Aire sur l&rsquo;Adour. par t\u00e9l. : 05 58 45 19 05 [&hellip;]<\/p>\n","protected":false},"author":1,"featured_media":0,"parent":0,"menu_order":0,"comment_status":"closed","ping_status":"closed","template":"","meta":{"_et_pb_use_builder":"on","_et_pb_old_content":"","_et_gb_content_width":"","footnotes":""},"class_list":["post-1006","page","type-page","status-publish","hentry"],"yoast_head":"<!-- This site is optimized with the Yoast SEO plugin v27.4 - https:\/\/yoast.com\/product\/yoast-seo-wordpress\/ -->\n<title>Ecole - Eug\u00e9nie-les-Bains village thermal<\/title>\n<meta name=\"robots\" content=\"index, follow, max-snippet:-1, max-image-preview:large, max-video-preview:-1\" \/>\n<link rel=\"canonical\" href=\"https:\/\/www.ville-eugenie-les-bains.fr\/elb\/ecole-eugenielesbains\/\" \/>\n<meta property=\"og:locale\" content=\"fr_FR\" \/>\n<meta property=\"og:type\" content=\"article\" \/>\n<meta property=\"og:title\" content=\"Ecole - Eug\u00e9nie-les-Bains village thermal\" \/>\n<meta property=\"og:description\" content=\"L&#039;\u00e9cole d&#039;Eug\u00e9nie-les-Bains Depuis 2013, la comp\u00e9tence scolaire est devenue communautaire, c&#039;est donc la communaut\u00e9 de communes d&#039;Aire-sur-l&#039;Adour qui g\u00e8re maintenant le groupe scolaire et ses transports. (G\u00e9olocaliser) &nbsp; Contacts Pour des compl\u00e9ments d&#039;informations, n&#039;h\u00e9sitez pas \u00e0 contacter la Direction de l&#039;Education au si\u00e8ge de la\u00a0Communaut\u00e9\u00a0de\u00a0Communes\u00a0d&#039;Aire sur l&#039;Adour. par t\u00e9l. : 05 58 45 19 05 [&hellip;]\" \/>\n<meta property=\"og:url\" content=\"https:\/\/www.ville-eugenie-les-bains.fr\/elb\/ecole-eugenielesbains\/\" \/>\n<meta property=\"og:site_name\" content=\"Eug\u00e9nie-les-Bains village thermal\" \/>\n<meta property=\"article:publisher\" content=\"https:\/\/www.facebook.com\/Eug%c3%a9nie-les-Bains-animations-106187096146451\/\" \/>\n<meta property=\"article:modified_time\" content=\"2023-02-19T09:54:53+00:00\" \/>\n<meta name=\"twitter:card\" content=\"summary_large_image\" \/>\n<meta name=\"twitter:site\" content=\"@EugenieLesBains\" \/>\n<meta name=\"twitter:label1\" content=\"Dur\u00e9e de lecture estim\u00e9e\" \/>\n\t<meta name=\"twitter:data1\" content=\"5 minutes\" \/>\n<script type=\"application\/ld+json\" class=\"yoast-schema-graph\">{\"@context\":\"https:\\\/\\\/schema.org\",\"@graph\":[{\"@type\":\"WebPage\",\"@id\":\"https:\\\/\\\/www.ville-eugenie-les-bains.fr\\\/elb\\\/ecole-eugenielesbains\\\/\",\"url\":\"https:\\\/\\\/www.ville-eugenie-les-bains.fr\\\/elb\\\/ecole-eugenielesbains\\\/\",\"name\":\"Ecole - Eug\u00e9nie-les-Bains village thermal\",\"isPartOf\":{\"@id\":\"https:\\\/\\\/www.ville-eugenie-les-bains.fr\\\/elb\\\/#website\"},\"datePublished\":\"2017-05-12T08:10:56+00:00\",\"dateModified\":\"2023-02-19T09:54:53+00:00\",\"breadcrumb\":{\"@id\":\"https:\\\/\\\/www.ville-eugenie-les-bains.fr\\\/elb\\\/ecole-eugenielesbains\\\/#breadcrumb\"},\"inLanguage\":\"fr-FR\",\"potentialAction\":[{\"@type\":\"ReadAction\",\"target\":[\"https:\\\/\\\/www.ville-eugenie-les-bains.fr\\\/elb\\\/ecole-eugenielesbains\\\/\"]}]},{\"@type\":\"BreadcrumbList\",\"@id\":\"https:\\\/\\\/www.ville-eugenie-les-bains.fr\\\/elb\\\/ecole-eugenielesbains\\\/#breadcrumb\",\"itemListElement\":[{\"@type\":\"ListItem\",\"position\":1,\"name\":\"Accueil\",\"item\":\"https:\\\/\\\/www.ville-eugenie-les-bains.fr\\\/elb\\\/\"},{\"@type\":\"ListItem\",\"position\":2,\"name\":\"Ecole\"}]},{\"@type\":\"WebSite\",\"@id\":\"https:\\\/\\\/www.ville-eugenie-les-bains.fr\\\/elb\\\/#website\",\"url\":\"https:\\\/\\\/www.ville-eugenie-les-bains.fr\\\/elb\\\/\",\"name\":\"Eug\u00e9nie-les-Bains village thermal\",\"description\":\"site officiel d&#039;Eug\u00e9nie-les-Bains\",\"potentialAction\":[{\"@type\":\"SearchAction\",\"target\":{\"@type\":\"EntryPoint\",\"urlTemplate\":\"https:\\\/\\\/www.ville-eugenie-les-bains.fr\\\/elb\\\/?s={search_term_string}\"},\"query-input\":{\"@type\":\"PropertyValueSpecification\",\"valueRequired\":true,\"valueName\":\"search_term_string\"}}],\"inLanguage\":\"fr-FR\"}]}<\/script>\n<!-- \/ Yoast SEO plugin. -->","yoast_head_json":{"title":"Ecole - Eug\u00e9nie-les-Bains village thermal","robots":{"index":"index","follow":"follow","max-snippet":"max-snippet:-1","max-image-preview":"max-image-preview:large","max-video-preview":"max-video-preview:-1"},"canonical":"https:\/\/www.ville-eugenie-les-bains.fr\/elb\/ecole-eugenielesbains\/","og_locale":"fr_FR","og_type":"article","og_title":"Ecole - Eug\u00e9nie-les-Bains village thermal","og_description":"L'\u00e9cole d'Eug\u00e9nie-les-Bains Depuis 2013, la comp\u00e9tence scolaire est devenue communautaire, c'est donc la communaut\u00e9 de communes d'Aire-sur-l'Adour qui g\u00e8re maintenant le groupe scolaire et ses transports. (G\u00e9olocaliser) &nbsp; Contacts Pour des compl\u00e9ments d'informations, n'h\u00e9sitez pas \u00e0 contacter la Direction de l'Education au si\u00e8ge de la\u00a0Communaut\u00e9\u00a0de\u00a0Communes\u00a0d'Aire sur l'Adour. par t\u00e9l. : 05 58 45 19 05 [&hellip;]","og_url":"https:\/\/www.ville-eugenie-les-bains.fr\/elb\/ecole-eugenielesbains\/","og_site_name":"Eug\u00e9nie-les-Bains village thermal","article_publisher":"https:\/\/www.facebook.com\/Eug%c3%a9nie-les-Bains-animations-106187096146451\/","article_modified_time":"2023-02-19T09:54:53+00:00","twitter_card":"summary_large_image","twitter_site":"@EugenieLesBains","twitter_misc":{"Dur\u00e9e de lecture estim\u00e9e":"5 minutes"},"schema":{"@context":"https:\/\/schema.org","@graph":[{"@type":"WebPage","@id":"https:\/\/www.ville-eugenie-les-bains.fr\/elb\/ecole-eugenielesbains\/","url":"https:\/\/www.ville-eugenie-les-bains.fr\/elb\/ecole-eugenielesbains\/","name":"Ecole - Eug\u00e9nie-les-Bains village thermal","isPartOf":{"@id":"https:\/\/www.ville-eugenie-les-bains.fr\/elb\/#website"},"datePublished":"2017-05-12T08:10:56+00:00","dateModified":"2023-02-19T09:54:53+00:00","breadcrumb":{"@id":"https:\/\/www.ville-eugenie-les-bains.fr\/elb\/ecole-eugenielesbains\/#breadcrumb"},"inLanguage":"fr-FR","potentialAction":[{"@type":"ReadAction","target":["https:\/\/www.ville-eugenie-les-bains.fr\/elb\/ecole-eugenielesbains\/"]}]},{"@type":"BreadcrumbList","@id":"https:\/\/www.ville-eugenie-les-bains.fr\/elb\/ecole-eugenielesbains\/#breadcrumb","itemListElement":[{"@type":"ListItem","position":1,"name":"Accueil","item":"https:\/\/www.ville-eugenie-les-bains.fr\/elb\/"},{"@type":"ListItem","position":2,"name":"Ecole"}]},{"@type":"WebSite","@id":"https:\/\/www.ville-eugenie-les-bains.fr\/elb\/#website","url":"https:\/\/www.ville-eugenie-les-bains.fr\/elb\/","name":"Eug\u00e9nie-les-Bains village thermal","description":"site officiel d&#039;Eug\u00e9nie-les-Bains","potentialAction":[{"@type":"SearchAction","target":{"@type":"EntryPoint","urlTemplate":"https:\/\/www.ville-eugenie-les-bains.fr\/elb\/?s={search_term_string}"},"query-input":{"@type":"PropertyValueSpecification","valueRequired":true,"valueName":"search_term_string"}}],"inLanguage":"fr-FR"}]}},"jetpack_shortlink":"https:\/\/wp.me\/P8CeHm-ge","jetpack-related-posts":[{"id":1251,"url":"https:\/\/www.ville-eugenie-les-bains.fr\/elb\/cimetiere\/","url_meta":{"origin":1006,"position":0},"title":"Le cimeti\u00e8re","author":"ELBdigital","date":"24 mai 2017","format":false,"excerpt":"","rel":"","context":"Article similaire","block_context":{"text":"Article similaire","link":""},"img":{"alt_text":"","src":"","width":0,"height":0},"classes":[]},{"id":4647,"url":"https:\/\/www.ville-eugenie-les-bains.fr\/elb\/comptes-rendus-du-conseil-municipal\/","url_meta":{"origin":1006,"position":1},"title":"Comptes-rendus du conseil municipal","author":"ELBdigital","date":"12 juillet 2022","format":false,"excerpt":"","rel":"","context":"Article similaire","block_context":{"text":"Article similaire","link":""},"img":{"alt_text":"","src":"","width":0,"height":0},"classes":[]},{"id":1830,"url":"https:\/\/www.ville-eugenie-les-bains.fr\/elb\/location-hotel-camping\/","url_meta":{"origin":1006,"position":2},"title":"H\u00e9bergements","author":"ELBdigital","date":"14 juin 2017","format":false,"excerpt":"","rel":"","context":"Article similaire","block_context":{"text":"Article similaire","link":""},"img":{"alt_text":"","src":"","width":0,"height":0},"classes":[]},{"id":531,"url":"https:\/\/www.ville-eugenie-les-bains.fr\/elb\/mairie\/","url_meta":{"origin":1006,"position":3},"title":"La Mairie","author":"ELBdigital","date":"20 avril 2017","format":false,"excerpt":"","rel":"","context":"Article similaire","block_context":{"text":"Article similaire","link":""},"img":{"alt_text":"","src":"","width":0,"height":0},"classes":[]},{"id":747,"url":"https:\/\/www.ville-eugenie-les-bains.fr\/elb\/salle-animation-eugenielesbains\/","url_meta":{"origin":1006,"position":4},"title":"Salle d&rsquo;animation","author":"ELBdigital","date":"3 mai 2017","format":false,"excerpt":"","rel":"","context":"Article similaire","block_context":{"text":"Article similaire","link":""},"img":{"alt_text":"","src":"","width":0,"height":0},"classes":[]},{"id":1029,"url":"https:\/\/www.ville-eugenie-les-bains.fr\/elb\/mediatheque-eugenielesbains\/","url_meta":{"origin":1006,"position":5},"title":"M\u00e9diath\u00e8que","author":"ELBdigital","date":"12 mai 2017","format":false,"excerpt":"","rel":"","context":"Article similaire","block_context":{"text":"Article similaire","link":""},"img":{"alt_text":"","src":"","width":0,"height":0},"classes":[]}],"jetpack_sharing_enabled":true,"_links":{"self":[{"href":"https:\/\/www.ville-eugenie-les-bains.fr\/elb\/wp-json\/wp\/v2\/pages\/1006","targetHints":{"allow":["GET"]}}],"collection":[{"href":"https:\/\/www.ville-eugenie-les-bains.fr\/elb\/wp-json\/wp\/v2\/pages"}],"about":[{"href":"https:\/\/www.ville-eugenie-les-bains.fr\/elb\/wp-json\/wp\/v2\/types\/page"}],"author":[{"embeddable":true,"href":"https:\/\/www.ville-eugenie-les-bains.fr\/elb\/wp-json\/wp\/v2\/users\/1"}],"replies":[{"embeddable":true,"href":"https:\/\/www.ville-eugenie-les-bains.fr\/elb\/wp-json\/wp\/v2\/comments?post=1006"}],"version-history":[{"count":21,"href":"https:\/\/www.ville-eugenie-les-bains.fr\/elb\/wp-json\/wp\/v2\/pages\/1006\/revisions"}],"predecessor-version":[{"id":4782,"href":"https:\/\/www.ville-eugenie-les-bains.fr\/elb\/wp-json\/wp\/v2\/pages\/1006\/revisions\/4782"}],"wp:attachment":[{"href":"https:\/\/www.ville-eugenie-les-bains.fr\/elb\/wp-json\/wp\/v2\/media?parent=1006"}],"curies":[{"name":"wp","href":"https:\/\/api.w.org\/{rel}","templated":true}]}}