{"id":1681,"date":"2017-06-10T15:00:48","date_gmt":"2017-06-10T13:00:48","guid":{"rendered":"http:\/\/www.ville-eugenie-les-bains.fr\/elb\/?page_id=1681"},"modified":"2026-03-26T16:59:40","modified_gmt":"2026-03-26T15:59:40","slug":"sante-medecin","status":"publish","type":"page","link":"https:\/\/www.ville-eugenie-les-bains.fr\/elb\/sante-medecin\/","title":{"rendered":"Sant\u00e9 &#8211; Bien \u00eatre"},"content":{"rendered":"<p>[et_pb_section fb_built=\u00a0\u00bb1&Prime; fullwidth=\u00a0\u00bbon\u00a0\u00bb _builder_version=\u00a0\u00bb4.16&Prime; global_colors_info=\u00a0\u00bb{}\u00a0\u00bb][\/et_pb_section][et_pb_section fb_built=\u00a0\u00bb1&Prime; specialty=\u00a0\u00bbon\u00a0\u00bb parallax_method_1=\u00a0\u00bboff\u00a0\u00bb parallax_method_2=\u00a0\u00bboff\u00a0\u00bb admin_label=\u00a0\u00bbsection\u00a0\u00bb _builder_version=\u00a0\u00bb4.16&Prime; background_color=\u00a0\u00bb#fafafa\u00a0\u00bb transparent_background=\u00a0\u00bboff\u00a0\u00bb make_fullwidth=\u00a0\u00bboff\u00a0\u00bb use_custom_width=\u00a0\u00bboff\u00a0\u00bb width_unit=\u00a0\u00bbon\u00a0\u00bb global_colors_info=\u00a0\u00bb{}\u00a0\u00bb][et_pb_column type=\u00a0\u00bb3_4&Prime; specialty_columns=\u00a0\u00bb3&Prime; _builder_version=\u00a0\u00bb4.16&Prime; custom_padding=\u00a0\u00bb|||\u00a0\u00bb global_colors_info=\u00a0\u00bb{}\u00a0\u00bb custom_padding__hover=\u00a0\u00bb|||\u00a0\u00bb][et_pb_row_inner _builder_version=\u00a0\u00bb4.16&Prime; global_colors_info=\u00a0\u00bb{}\u00a0\u00bb][et_pb_column_inner saved_specialty_column_type=\u00a0\u00bb3_4&Prime; _builder_version=\u00a0\u00bb4.16&Prime; custom_padding=\u00a0\u00bb|||\u00a0\u00bb global_colors_info=\u00a0\u00bb{}\u00a0\u00bb custom_padding__hover=\u00a0\u00bb|||\u00a0\u00bb][et_pb_text admin_label=\u00a0\u00bbText\u00a0\u00bb _builder_version=\u00a0\u00bb4.16&Prime; border_style=\u00a0\u00bbsolid\u00a0\u00bb global_colors_info=\u00a0\u00bb{}\u00a0\u00bb]<\/p>\n<h1>Les professionnels de Sant\u00e9 d&rsquo;Eug\u00e9nie-les-Bains<\/h1>\n<p>Les professionnels de Sant\u00e9 d\u2019Eug\u00e9nie-les-Bains vous souhaitent la bienvenue !<br \/>\n[\/et_pb_text][et_pb_text _builder_version=\u00a0\u00bb4.27.6&Prime; background_size=\u00a0\u00bbinitial\u00a0\u00bb background_position=\u00a0\u00bbtop_left\u00a0\u00bb background_repeat=\u00a0\u00bbrepeat\u00a0\u00bb border_style=\u00a0\u00bbsolid\u00a0\u00bb global_colors_info=\u00a0\u00bb{}\u00a0\u00bb]<\/p>\n<h3><span style=\"color: #008000;\"><em><strong>Eug\u00e9nie-les-Bains, station thermale r\u00e9put\u00e9e accueillant 7 000 curistes chaque ann\u00e9e, recherche <span style=\"text-decoration: underline;\">deux m\u00e9decins g\u00e9n\u00e9ralistes<\/span> pour s\u2019installer dans des cabinets m\u00e9dicaux pr\u00eats \u00e0 les accueillir. Profitez d\u2019un cadre de vie exceptionnel, d\u2019une patient\u00e8le fid\u00e8le et d\u2019un territoire dynamique, alliant tourisme, commerce local et vie associative riche ! INFOS MAIRIE 05 58 51 15 37<\/strong><\/em><\/span><\/h3>\n<p>[\/et_pb_text][\/et_pb_column_inner][\/et_pb_row_inner][\/et_pb_column][et_pb_column type=\u00a0\u00bb1_4&Prime; _builder_version=\u00a0\u00bb4.16&Prime; custom_padding=\u00a0\u00bb|||\u00a0\u00bb global_colors_info=\u00a0\u00bb{}\u00a0\u00bb custom_padding__hover=\u00a0\u00bb|||\u00a0\u00bb][et_pb_sidebar orientation=\u00a0\u00bbright\u00a0\u00bb area=\u00a0\u00bbsidebar-1&Prime; admin_label=\u00a0\u00bbSidebar\u00a0\u00bb _builder_version=\u00a0\u00bb4.16&Prime; header_font_size=\u00a0\u00bb20&Prime; body_text_color=\u00a0\u00bb#73b781&Prime; global_colors_info=\u00a0\u00bb{}\u00a0\u00bb][\/et_pb_sidebar][\/et_pb_column][\/et_pb_section][et_pb_section fb_built=\u00a0\u00bb1&Prime; module_id=\u00a0\u00bbSante\u00a0\u00bb _builder_version=\u00a0\u00bb4.16&Prime; custom_padding=\u00a0\u00bb0px|||\u00a0\u00bb transparent_background=\u00a0\u00bboff\u00a0\u00bb make_fullwidth=\u00a0\u00bboff\u00a0\u00bb use_custom_width=\u00a0\u00bboff\u00a0\u00bb width_unit=\u00a0\u00bbon\u00a0\u00bb global_colors_info=\u00a0\u00bb{}\u00a0\u00bb][et_pb_row _builder_version=\u00a0\u00bb4.16&Prime; background_size=\u00a0\u00bbinitial\u00a0\u00bb background_position=\u00a0\u00bbtop_left\u00a0\u00bb background_repeat=\u00a0\u00bbrepeat\u00a0\u00bb global_colors_info=\u00a0\u00bb{}\u00a0\u00bb][et_pb_column type=\u00a0\u00bb4_4&Prime; _builder_version=\u00a0\u00bb4.16&Prime; custom_padding=\u00a0\u00bb|||\u00a0\u00bb global_colors_info=\u00a0\u00bb{}\u00a0\u00bb custom_padding__hover=\u00a0\u00bb|||\u00a0\u00bb][et_pb_text _builder_version=\u00a0\u00bb4.16&Prime; background_size=\u00a0\u00bbinitial\u00a0\u00bb background_position=\u00a0\u00bbtop_left\u00a0\u00bb background_repeat=\u00a0\u00bbrepeat\u00a0\u00bb use_border_color=\u00a0\u00bboff\u00a0\u00bb border_color=\u00a0\u00bb#ffffff\u00a0\u00bb border_style=\u00a0\u00bbsolid\u00a0\u00bb global_colors_info=\u00a0\u00bb{}\u00a0\u00bb]<\/p>\n<h1>Sant\u00e9<\/h1>\n<p>[\/et_pb_text][\/et_pb_column][\/et_pb_row][et_pb_row column_structure=\u00a0\u00bb1_3,2_3&Prime; _builder_version=\u00a0\u00bb4.16&Prime; background_size=\u00a0\u00bbinitial\u00a0\u00bb background_position=\u00a0\u00bbtop_left\u00a0\u00bb background_repeat=\u00a0\u00bbrepeat\u00a0\u00bb make_fullwidth=\u00a0\u00bboff\u00a0\u00bb use_custom_width=\u00a0\u00bboff\u00a0\u00bb width_unit=\u00a0\u00bbon\u00a0\u00bb global_colors_info=\u00a0\u00bb{}\u00a0\u00bb][et_pb_column type=\u00a0\u00bb1_3&Prime; _builder_version=\u00a0\u00bb4.16&Prime; custom_padding=\u00a0\u00bb|||\u00a0\u00bb global_colors_info=\u00a0\u00bb{}\u00a0\u00bb custom_padding__hover=\u00a0\u00bb|||\u00a0\u00bb][et_pb_image src=\u00a0\u00bbhttps:\/\/www.ville-eugenie-les-bains.fr\/elb\/wp-content\/uploads\/2026\/03\/FB_IMG_1774452656194.jpg\u00a0\u00bb alt=\u00a0\u00bbPharmacie les sources Eug\u00e9nie-les-Bains\u00a0\u00bb title_text=\u00a0\u00bbPharmacie les sources Eug\u00e9nie-les-Bains\u00a0\u00bb align_tablet=\u00a0\u00bbcenter\u00a0\u00bb align_phone=\u00a0\u00bb\u00a0\u00bb align_last_edited=\u00a0\u00bbon|desktop\u00a0\u00bb _builder_version=\u00a0\u00bb4.27.6&Prime; use_border_color=\u00a0\u00bboff\u00a0\u00bb border_color=\u00a0\u00bb#ffffff\u00a0\u00bb border_style=\u00a0\u00bbsolid\u00a0\u00bb animation=\u00a0\u00bboff\u00a0\u00bb sticky=\u00a0\u00bboff\u00a0\u00bb always_center_on_mobile=\u00a0\u00bbon\u00a0\u00bb global_colors_info=\u00a0\u00bb{}\u00a0\u00bb][\/et_pb_image][\/et_pb_column][et_pb_column type=\u00a0\u00bb2_3&Prime; _builder_version=\u00a0\u00bb4.16&Prime; custom_padding=\u00a0\u00bb|||\u00a0\u00bb global_colors_info=\u00a0\u00bb{}\u00a0\u00bb custom_padding__hover=\u00a0\u00bb|||\u00a0\u00bb][et_pb_text _builder_version=\u00a0\u00bb4.27.6&Prime; background_size=\u00a0\u00bbinitial\u00a0\u00bb background_position=\u00a0\u00bbtop_left\u00a0\u00bb background_repeat=\u00a0\u00bbrepeat\u00a0\u00bb border_style=\u00a0\u00bbsolid\u00a0\u00bb global_colors_info=\u00a0\u00bb{}\u00a0\u00bb]<\/p>\n<h2 class=\"page-title left\">Pharmacie les Sources : <strong>Pharmacie et parapharmacie<\/strong><\/h2>\n<p>Adresse : 130 route de l&rsquo;Eglise.<br \/>Pharmacie, parapharmacie, hom\u00e9opathie, phytoth\u00e9rapie et mat\u00e9riel m\u00e9dical.<br \/>Conseils, vaccinations, t\u00e9l\u00e9consultation, tests de d\u00e9pistages, entretiens pharmaceutiques, bilans de m\u00e9dication, &#8230;<\/p>\n<p>Horaires<\/p>\n<ul>\n<li>lundi au vendredi 8h30 \u00e0 12h30 et 14h30 \u00e0 19h30<\/li>\n<li>samedi : 9h \u00e0 12h30 et 14h \u00e0 17h30<\/li>\n<\/ul>\n<p>T\u00e9l\u00e9phone : 05 58 51 13 64<br \/>e-mail : pharma-sources@orange.fr<br \/>Site : <a href=\"http:\/\/www.pharmacie-eugenielesbains.fr\/\" target=\"_blank\" rel=\"noopener noreferrer\">www.pharmacie-eugenielesbains.fr\/<\/a><br \/>Facebook : <a href=\"https:\/\/www.facebook.com\/pharmacielessources\/\" target=\"_blank\" rel=\"noopener noreferrer\">Pharmacie les Sources<\/a><\/p>\n<p>[\/et_pb_text][\/et_pb_column][\/et_pb_row][et_pb_row column_structure=\u00a0\u00bb1_3,1_3,1_3&Prime; _builder_version=\u00a0\u00bb4.16&Prime; background_size=\u00a0\u00bbinitial\u00a0\u00bb background_position=\u00a0\u00bbtop_left\u00a0\u00bb background_repeat=\u00a0\u00bbrepeat\u00a0\u00bb global_colors_info=\u00a0\u00bb{}\u00a0\u00bb][et_pb_column type=\u00a0\u00bb1_3&Prime; _builder_version=\u00a0\u00bb4.16&Prime; custom_padding=\u00a0\u00bb|||\u00a0\u00bb global_colors_info=\u00a0\u00bb{}\u00a0\u00bb custom_padding__hover=\u00a0\u00bb|||\u00a0\u00bb][et_pb_image src=\u00a0\u00bbhttp:\/\/www.ville-eugenie-les-bains.fr\/elb\/wp-content\/uploads\/2017\/05\/1-PharmacieLesSources.jpg\u00a0\u00bb align_tablet=\u00a0\u00bbcenter\u00a0\u00bb align_phone=\u00a0\u00bb\u00a0\u00bb align_last_edited=\u00a0\u00bbon|desktop\u00a0\u00bb _builder_version=\u00a0\u00bb4.16&Prime; use_border_color=\u00a0\u00bboff\u00a0\u00bb border_color=\u00a0\u00bb#ffffff\u00a0\u00bb border_style=\u00a0\u00bbsolid\u00a0\u00bb animation=\u00a0\u00bboff\u00a0\u00bb sticky=\u00a0\u00bboff\u00a0\u00bb always_center_on_mobile=\u00a0\u00bbon\u00a0\u00bb global_colors_info=\u00a0\u00bb{}\u00a0\u00bb][\/et_pb_image][\/et_pb_column][et_pb_column type=\u00a0\u00bb1_3&Prime; _builder_version=\u00a0\u00bb4.16&Prime; custom_padding=\u00a0\u00bb|||\u00a0\u00bb global_colors_info=\u00a0\u00bb{}\u00a0\u00bb custom_padding__hover=\u00a0\u00bb|||\u00a0\u00bb][et_pb_image src=\u00a0\u00bbhttp:\/\/www.ville-eugenie-les-bains.fr\/elb\/wp-content\/uploads\/2017\/05\/2-PharmacieLesSources.jpg\u00a0\u00bb align_tablet=\u00a0\u00bbcenter\u00a0\u00bb align_phone=\u00a0\u00bb\u00a0\u00bb align_last_edited=\u00a0\u00bbon|desktop\u00a0\u00bb _builder_version=\u00a0\u00bb4.16&Prime; use_border_color=\u00a0\u00bboff\u00a0\u00bb border_color=\u00a0\u00bb#ffffff\u00a0\u00bb border_style=\u00a0\u00bbsolid\u00a0\u00bb animation=\u00a0\u00bboff\u00a0\u00bb sticky=\u00a0\u00bboff\u00a0\u00bb always_center_on_mobile=\u00a0\u00bbon\u00a0\u00bb global_colors_info=\u00a0\u00bb{}\u00a0\u00bb][\/et_pb_image][\/et_pb_column][et_pb_column type=\u00a0\u00bb1_3&Prime; _builder_version=\u00a0\u00bb4.16&Prime; custom_padding=\u00a0\u00bb|||\u00a0\u00bb global_colors_info=\u00a0\u00bb{}\u00a0\u00bb custom_padding__hover=\u00a0\u00bb|||\u00a0\u00bb][\/et_pb_column][\/et_pb_row][et_pb_row _builder_version=\u00a0\u00bb4.16&Prime; background_size=\u00a0\u00bbinitial\u00a0\u00bb background_position=\u00a0\u00bbtop_left\u00a0\u00bb background_repeat=\u00a0\u00bbrepeat\u00a0\u00bb global_colors_info=\u00a0\u00bb{}\u00a0\u00bb][et_pb_column type=\u00a0\u00bb4_4&Prime; _builder_version=\u00a0\u00bb4.16&Prime; custom_padding=\u00a0\u00bb|||\u00a0\u00bb global_colors_info=\u00a0\u00bb{}\u00a0\u00bb custom_padding__hover=\u00a0\u00bb|||\u00a0\u00bb][et_pb_divider color=\u00a0\u00bb#0c71c3&Prime; disabled_on=\u00a0\u00bbon|on|off\u00a0\u00bb _builder_version=\u00a0\u00bb4.16&Prime; hide_on_mobile=\u00a0\u00bbon\u00a0\u00bb global_colors_info=\u00a0\u00bb{}\u00a0\u00bb][\/et_pb_divider][\/et_pb_column][\/et_pb_row][et_pb_row column_structure=\u00a0\u00bb1_3,2_3&Prime; _builder_version=\u00a0\u00bb4.16&Prime; background_size=\u00a0\u00bbinitial\u00a0\u00bb background_position=\u00a0\u00bbtop_left\u00a0\u00bb background_repeat=\u00a0\u00bbrepeat\u00a0\u00bb make_fullwidth=\u00a0\u00bboff\u00a0\u00bb use_custom_width=\u00a0\u00bboff\u00a0\u00bb width_unit=\u00a0\u00bbon\u00a0\u00bb global_colors_info=\u00a0\u00bb{}\u00a0\u00bb][et_pb_column type=\u00a0\u00bb1_3&Prime; _builder_version=\u00a0\u00bb4.16&Prime; custom_padding=\u00a0\u00bb|||\u00a0\u00bb global_colors_info=\u00a0\u00bb{}\u00a0\u00bb custom_padding__hover=\u00a0\u00bb|||\u00a0\u00bb][et_pb_image src=\u00a0\u00bbhttps:\/\/www.ville-eugenie-les-bains.fr\/elb\/wp-content\/uploads\/2022\/03\/DSC_0796.jpg\u00a0\u00bb alt=\u00a0\u00bbMaison de sant\u00e9 Eug\u00e9nie les Bains\u00a0\u00bb title_text=\u00a0\u00bbMaison de sant\u00e9 Eug\u00e9nie les Bains\u00a0\u00bb align_tablet=\u00a0\u00bbcenter\u00a0\u00bb align_phone=\u00a0\u00bb\u00a0\u00bb align_last_edited=\u00a0\u00bbon|desktop\u00a0\u00bb _builder_version=\u00a0\u00bb4.16&Prime; border_style=\u00a0\u00bbsolid\u00a0\u00bb animation=\u00a0\u00bboff\u00a0\u00bb sticky=\u00a0\u00bboff\u00a0\u00bb always_center_on_mobile=\u00a0\u00bbon\u00a0\u00bb global_colors_info=\u00a0\u00bb{}\u00a0\u00bb][\/et_pb_image][\/et_pb_column][et_pb_column type=\u00a0\u00bb2_3&Prime; _builder_version=\u00a0\u00bb4.16&Prime; custom_padding=\u00a0\u00bb|||\u00a0\u00bb global_colors_info=\u00a0\u00bb{}\u00a0\u00bb custom_padding__hover=\u00a0\u00bb|||\u00a0\u00bb][et_pb_text _builder_version=\u00a0\u00bb4.27.6&Prime; background_size=\u00a0\u00bbinitial\u00a0\u00bb background_position=\u00a0\u00bbtop_left\u00a0\u00bb background_repeat=\u00a0\u00bbrepeat\u00a0\u00bb border_style=\u00a0\u00bbsolid\u00a0\u00bb global_colors_info=\u00a0\u00bb{}\u00a0\u00bb]<\/p>\n<h2><strong>P\u00f4le sant\u00e9<br \/><\/strong><\/h2>\n<p>adresse : 130 route de l&rsquo;Eglise<br \/>Le cabinet m\u00e9dical d&rsquo;Eug\u00e9nie-les-Bains comprend un m\u00e9decin g\u00e9n\u00e9raliste, une p\u00e9dicure-podologue, un kin\u00e9 et une infirmi\u00e8re.<\/p>\n<h3><strong><span class=\"teaser-rub\"><span class=\"sel-activite\">P\u00e9dicure-podologue<\/span><\/span><\/strong> : Agn\u00e8s De Brisis<\/h3>\n<p>T\u00e9l\u00e9phone :\u00a0<strong><span class=\"coord-numero\">06 30 17 92 61<\/span><\/strong><\/p>\n<h3><strong>Infirmi\u00e8re lib\u00e9rales<\/strong> : Val\u00e9rie Saint-Germain \/ St\u00e9phanie Lagarde<\/h3>\n<p>T\u00e9l\u00e9phone :\u00a0<strong><span class=\"coord-numero\">06 72 17 48 03<\/span><\/strong><\/p>\n<h3><strong>Ost\u00e9opathe \/ Praticienne en medecine chinoise<\/strong> : Ma\u00e9va Lembezat<\/h3>\n<p>T\u00e9l\u00e9phone :\u00a0<strong><span class=\"coord-numero\">06 38 41 29 14 \/ Doctolib<\/span><\/strong><\/p>\n<h3><strong>Sages-femmes<\/strong> : Sabine Coeur-d&rsquo;Acier \/ Marielle Wilbert \/ Lucile Saux<\/h3>\n<p>Doctolib<\/p>\n<p>[\/et_pb_text][\/et_pb_column][\/et_pb_row][et_pb_row _builder_version=\u00a0\u00bb4.16&Prime; background_size=\u00a0\u00bbinitial\u00a0\u00bb background_position=\u00a0\u00bbtop_left\u00a0\u00bb background_repeat=\u00a0\u00bbrepeat\u00a0\u00bb global_colors_info=\u00a0\u00bb{}\u00a0\u00bb][et_pb_column type=\u00a0\u00bb4_4&Prime; _builder_version=\u00a0\u00bb4.16&Prime; custom_padding=\u00a0\u00bb|||\u00a0\u00bb global_colors_info=\u00a0\u00bb{}\u00a0\u00bb custom_padding__hover=\u00a0\u00bb|||\u00a0\u00bb][et_pb_text _builder_version=\u00a0\u00bb4.27.6&Prime; background_size=\u00a0\u00bbinitial\u00a0\u00bb background_position=\u00a0\u00bbtop_left\u00a0\u00bb background_repeat=\u00a0\u00bbrepeat\u00a0\u00bb border_style=\u00a0\u00bbsolid\u00a0\u00bb global_colors_info=\u00a0\u00bb{}\u00a0\u00bb]<\/p>\n<h3><span style=\"color: #008000;\"><em><strong>Eug\u00e9nie-les-Bains, station thermale r\u00e9put\u00e9e accueillant 7 000 curistes chaque ann\u00e9e, recherche <span style=\"text-decoration: underline;\">deux m\u00e9decins g\u00e9n\u00e9ralistes<\/span> pour s\u2019installer dans des cabinets m\u00e9dicaux pr\u00eats \u00e0 les accueillir. Profitez d\u2019un cadre de vie exceptionnel, d\u2019une patient\u00e8le fid\u00e8le et d\u2019un territoire dynamique, alliant tourisme, commerce local et vie associative riche ! INFOS MAIRIE 05 58 51 15 37<\/strong><\/em><\/span><\/h3>\n<p>[\/et_pb_text][\/et_pb_column][\/et_pb_row][et_pb_row _builder_version=\u00a0\u00bb4.16&Prime; background_size=\u00a0\u00bbinitial\u00a0\u00bb background_position=\u00a0\u00bbtop_left\u00a0\u00bb background_repeat=\u00a0\u00bbrepeat\u00a0\u00bb global_colors_info=\u00a0\u00bb{}\u00a0\u00bb][et_pb_column type=\u00a0\u00bb4_4&Prime; _builder_version=\u00a0\u00bb4.16&Prime; custom_padding=\u00a0\u00bb|||\u00a0\u00bb global_colors_info=\u00a0\u00bb{}\u00a0\u00bb custom_padding__hover=\u00a0\u00bb|||\u00a0\u00bb][et_pb_divider color=\u00a0\u00bb#0c71c3&Prime; disabled_on=\u00a0\u00bbon|on|off\u00a0\u00bb _builder_version=\u00a0\u00bb4.16&Prime; hide_on_mobile=\u00a0\u00bbon\u00a0\u00bb global_colors_info=\u00a0\u00bb{}\u00a0\u00bb][\/et_pb_divider][\/et_pb_column][\/et_pb_row][\/et_pb_section]<\/p>\n","protected":false},"excerpt":{"rendered":"<p>Les professionnels de Sant\u00e9 d&rsquo;Eug\u00e9nie-les-Bains Les professionnels de Sant\u00e9 d\u2019Eug\u00e9nie-les-Bains vous souhaitent la bienvenue ! Eug\u00e9nie-les-Bains, station thermale r\u00e9put\u00e9e accueillant 7 000 curistes chaque ann\u00e9e, recherche deux m\u00e9decins g\u00e9n\u00e9ralistes pour s\u2019installer dans des cabinets m\u00e9dicaux pr\u00eats \u00e0 les accueillir. Profitez d\u2019un cadre de vie exceptionnel, d\u2019une patient\u00e8le fid\u00e8le et d\u2019un territoire dynamique, alliant tourisme, commerce [&hellip;]<\/p>\n","protected":false},"author":1,"featured_media":0,"parent":0,"menu_order":0,"comment_status":"closed","ping_status":"closed","template":"","meta":{"_et_pb_use_builder":"on","_et_pb_old_content":"","_et_gb_content_width":"","footnotes":""},"class_list":["post-1681","page","type-page","status-publish","hentry"],"yoast_head":"<!-- This site is optimized with the Yoast SEO plugin v27.5 - https:\/\/yoast.com\/product\/yoast-seo-wordpress\/ -->\n<title>Sant\u00e9 - Bien \u00eatre - Eug\u00e9nie-les-Bains village thermal<\/title>\n<meta name=\"robots\" content=\"index, follow, max-snippet:-1, max-image-preview:large, max-video-preview:-1\" \/>\n<link rel=\"canonical\" href=\"https:\/\/www.ville-eugenie-les-bains.fr\/elb\/sante-medecin\/\" \/>\n<meta property=\"og:locale\" content=\"fr_FR\" \/>\n<meta property=\"og:type\" content=\"article\" \/>\n<meta property=\"og:title\" content=\"Sant\u00e9 - Bien \u00eatre - Eug\u00e9nie-les-Bains village thermal\" \/>\n<meta property=\"og:description\" content=\"Les professionnels de Sant\u00e9 d&#039;Eug\u00e9nie-les-Bains Les professionnels de Sant\u00e9 d\u2019Eug\u00e9nie-les-Bains vous souhaitent la bienvenue ! Eug\u00e9nie-les-Bains, station thermale r\u00e9put\u00e9e accueillant 7 000 curistes chaque ann\u00e9e, recherche deux m\u00e9decins g\u00e9n\u00e9ralistes pour s\u2019installer dans des cabinets m\u00e9dicaux pr\u00eats \u00e0 les accueillir. Profitez d\u2019un cadre de vie exceptionnel, d\u2019une patient\u00e8le fid\u00e8le et d\u2019un territoire dynamique, alliant tourisme, commerce [&hellip;]\" \/>\n<meta property=\"og:url\" content=\"https:\/\/www.ville-eugenie-les-bains.fr\/elb\/sante-medecin\/\" \/>\n<meta property=\"og:site_name\" content=\"Eug\u00e9nie-les-Bains village thermal\" \/>\n<meta property=\"article:publisher\" content=\"https:\/\/www.facebook.com\/Eug%c3%a9nie-les-Bains-animations-106187096146451\/\" \/>\n<meta property=\"article:modified_time\" content=\"2026-03-26T15:59:40+00:00\" \/>\n<meta name=\"twitter:card\" content=\"summary_large_image\" \/>\n<meta name=\"twitter:site\" content=\"@EugenieLesBains\" \/>\n<meta name=\"twitter:label1\" content=\"Dur\u00e9e de lecture estim\u00e9e\" \/>\n\t<meta name=\"twitter:data1\" content=\"6 minutes\" \/>\n<script type=\"application\/ld+json\" class=\"yoast-schema-graph\">{\"@context\":\"https:\\\/\\\/schema.org\",\"@graph\":[{\"@type\":\"WebPage\",\"@id\":\"https:\\\/\\\/www.ville-eugenie-les-bains.fr\\\/elb\\\/sante-medecin\\\/\",\"url\":\"https:\\\/\\\/www.ville-eugenie-les-bains.fr\\\/elb\\\/sante-medecin\\\/\",\"name\":\"Sant\u00e9 - Bien \u00eatre - Eug\u00e9nie-les-Bains village thermal\",\"isPartOf\":{\"@id\":\"https:\\\/\\\/www.ville-eugenie-les-bains.fr\\\/elb\\\/#website\"},\"datePublished\":\"2017-06-10T13:00:48+00:00\",\"dateModified\":\"2026-03-26T15:59:40+00:00\",\"breadcrumb\":{\"@id\":\"https:\\\/\\\/www.ville-eugenie-les-bains.fr\\\/elb\\\/sante-medecin\\\/#breadcrumb\"},\"inLanguage\":\"fr-FR\",\"potentialAction\":[{\"@type\":\"ReadAction\",\"target\":[\"https:\\\/\\\/www.ville-eugenie-les-bains.fr\\\/elb\\\/sante-medecin\\\/\"]}]},{\"@type\":\"BreadcrumbList\",\"@id\":\"https:\\\/\\\/www.ville-eugenie-les-bains.fr\\\/elb\\\/sante-medecin\\\/#breadcrumb\",\"itemListElement\":[{\"@type\":\"ListItem\",\"position\":1,\"name\":\"Accueil\",\"item\":\"https:\\\/\\\/www.ville-eugenie-les-bains.fr\\\/elb\\\/\"},{\"@type\":\"ListItem\",\"position\":2,\"name\":\"Sant\u00e9 &#8211; Bien \u00eatre\"}]},{\"@type\":\"WebSite\",\"@id\":\"https:\\\/\\\/www.ville-eugenie-les-bains.fr\\\/elb\\\/#website\",\"url\":\"https:\\\/\\\/www.ville-eugenie-les-bains.fr\\\/elb\\\/\",\"name\":\"Eug\u00e9nie-les-Bains village thermal\",\"description\":\"site officiel d&#039;Eug\u00e9nie-les-Bains\",\"potentialAction\":[{\"@type\":\"SearchAction\",\"target\":{\"@type\":\"EntryPoint\",\"urlTemplate\":\"https:\\\/\\\/www.ville-eugenie-les-bains.fr\\\/elb\\\/?s={search_term_string}\"},\"query-input\":{\"@type\":\"PropertyValueSpecification\",\"valueRequired\":true,\"valueName\":\"search_term_string\"}}],\"inLanguage\":\"fr-FR\"}]}<\/script>\n<!-- \/ Yoast SEO plugin. -->","yoast_head_json":{"title":"Sant\u00e9 - Bien \u00eatre - Eug\u00e9nie-les-Bains village thermal","robots":{"index":"index","follow":"follow","max-snippet":"max-snippet:-1","max-image-preview":"max-image-preview:large","max-video-preview":"max-video-preview:-1"},"canonical":"https:\/\/www.ville-eugenie-les-bains.fr\/elb\/sante-medecin\/","og_locale":"fr_FR","og_type":"article","og_title":"Sant\u00e9 - Bien \u00eatre - Eug\u00e9nie-les-Bains village thermal","og_description":"Les professionnels de Sant\u00e9 d'Eug\u00e9nie-les-Bains Les professionnels de Sant\u00e9 d\u2019Eug\u00e9nie-les-Bains vous souhaitent la bienvenue ! Eug\u00e9nie-les-Bains, station thermale r\u00e9put\u00e9e accueillant 7 000 curistes chaque ann\u00e9e, recherche deux m\u00e9decins g\u00e9n\u00e9ralistes pour s\u2019installer dans des cabinets m\u00e9dicaux pr\u00eats \u00e0 les accueillir. Profitez d\u2019un cadre de vie exceptionnel, d\u2019une patient\u00e8le fid\u00e8le et d\u2019un territoire dynamique, alliant tourisme, commerce [&hellip;]","og_url":"https:\/\/www.ville-eugenie-les-bains.fr\/elb\/sante-medecin\/","og_site_name":"Eug\u00e9nie-les-Bains village thermal","article_publisher":"https:\/\/www.facebook.com\/Eug%c3%a9nie-les-Bains-animations-106187096146451\/","article_modified_time":"2026-03-26T15:59:40+00:00","twitter_card":"summary_large_image","twitter_site":"@EugenieLesBains","twitter_misc":{"Dur\u00e9e de lecture estim\u00e9e":"6 minutes"},"schema":{"@context":"https:\/\/schema.org","@graph":[{"@type":"WebPage","@id":"https:\/\/www.ville-eugenie-les-bains.fr\/elb\/sante-medecin\/","url":"https:\/\/www.ville-eugenie-les-bains.fr\/elb\/sante-medecin\/","name":"Sant\u00e9 - Bien \u00eatre - Eug\u00e9nie-les-Bains village thermal","isPartOf":{"@id":"https:\/\/www.ville-eugenie-les-bains.fr\/elb\/#website"},"datePublished":"2017-06-10T13:00:48+00:00","dateModified":"2026-03-26T15:59:40+00:00","breadcrumb":{"@id":"https:\/\/www.ville-eugenie-les-bains.fr\/elb\/sante-medecin\/#breadcrumb"},"inLanguage":"fr-FR","potentialAction":[{"@type":"ReadAction","target":["https:\/\/www.ville-eugenie-les-bains.fr\/elb\/sante-medecin\/"]}]},{"@type":"BreadcrumbList","@id":"https:\/\/www.ville-eugenie-les-bains.fr\/elb\/sante-medecin\/#breadcrumb","itemListElement":[{"@type":"ListItem","position":1,"name":"Accueil","item":"https:\/\/www.ville-eugenie-les-bains.fr\/elb\/"},{"@type":"ListItem","position":2,"name":"Sant\u00e9 &#8211; Bien \u00eatre"}]},{"@type":"WebSite","@id":"https:\/\/www.ville-eugenie-les-bains.fr\/elb\/#website","url":"https:\/\/www.ville-eugenie-les-bains.fr\/elb\/","name":"Eug\u00e9nie-les-Bains village thermal","description":"site officiel d&#039;Eug\u00e9nie-les-Bains","potentialAction":[{"@type":"SearchAction","target":{"@type":"EntryPoint","urlTemplate":"https:\/\/www.ville-eugenie-les-bains.fr\/elb\/?s={search_term_string}"},"query-input":{"@type":"PropertyValueSpecification","valueRequired":true,"valueName":"search_term_string"}}],"inLanguage":"fr-FR"}]}},"jetpack_shortlink":"https:\/\/wp.me\/P8CeHm-r7","jetpack-related-posts":[{"id":1251,"url":"https:\/\/www.ville-eugenie-les-bains.fr\/elb\/cimetiere\/","url_meta":{"origin":1681,"position":0},"title":"Le cimeti\u00e8re","author":"ELBdigital","date":"24 mai 2017","format":false,"excerpt":"","rel":"","context":"Article similaire","block_context":{"text":"Article similaire","link":""},"img":{"alt_text":"","src":"","width":0,"height":0},"classes":[]},{"id":747,"url":"https:\/\/www.ville-eugenie-les-bains.fr\/elb\/salle-animation-eugenielesbains\/","url_meta":{"origin":1681,"position":1},"title":"Salle d&rsquo;animation","author":"ELBdigital","date":"3 mai 2017","format":false,"excerpt":"","rel":"","context":"Article similaire","block_context":{"text":"Article similaire","link":""},"img":{"alt_text":"","src":"","width":0,"height":0},"classes":[]},{"id":4647,"url":"https:\/\/www.ville-eugenie-les-bains.fr\/elb\/comptes-rendus-du-conseil-municipal\/","url_meta":{"origin":1681,"position":2},"title":"Comptes-rendus du conseil municipal","author":"ELBdigital","date":"12 juillet 2022","format":false,"excerpt":"","rel":"","context":"Article similaire","block_context":{"text":"Article similaire","link":""},"img":{"alt_text":"","src":"","width":0,"height":0},"classes":[]},{"id":1006,"url":"https:\/\/www.ville-eugenie-les-bains.fr\/elb\/ecole-eugenielesbains\/","url_meta":{"origin":1681,"position":3},"title":"Ecole","author":"ELBdigital","date":"12 mai 2017","format":false,"excerpt":"","rel":"","context":"Article similaire","block_context":{"text":"Article similaire","link":""},"img":{"alt_text":"","src":"","width":0,"height":0},"classes":[]},{"id":1830,"url":"https:\/\/www.ville-eugenie-les-bains.fr\/elb\/location-hotel-camping\/","url_meta":{"origin":1681,"position":4},"title":"H\u00e9bergements","author":"ELBdigital","date":"14 juin 2017","format":false,"excerpt":"","rel":"","context":"Article similaire","block_context":{"text":"Article similaire","link":""},"img":{"alt_text":"","src":"","width":0,"height":0},"classes":[]},{"id":531,"url":"https:\/\/www.ville-eugenie-les-bains.fr\/elb\/mairie\/","url_meta":{"origin":1681,"position":5},"title":"La Mairie","author":"ELBdigital","date":"20 avril 2017","format":false,"excerpt":"","rel":"","context":"Article similaire","block_context":{"text":"Article similaire","link":""},"img":{"alt_text":"","src":"","width":0,"height":0},"classes":[]}],"jetpack_sharing_enabled":true,"_links":{"self":[{"href":"https:\/\/www.ville-eugenie-les-bains.fr\/elb\/wp-json\/wp\/v2\/pages\/1681","targetHints":{"allow":["GET"]}}],"collection":[{"href":"https:\/\/www.ville-eugenie-les-bains.fr\/elb\/wp-json\/wp\/v2\/pages"}],"about":[{"href":"https:\/\/www.ville-eugenie-les-bains.fr\/elb\/wp-json\/wp\/v2\/types\/page"}],"author":[{"embeddable":true,"href":"https:\/\/www.ville-eugenie-les-bains.fr\/elb\/wp-json\/wp\/v2\/users\/1"}],"replies":[{"embeddable":true,"href":"https:\/\/www.ville-eugenie-les-bains.fr\/elb\/wp-json\/wp\/v2\/comments?post=1681"}],"version-history":[{"count":31,"href":"https:\/\/www.ville-eugenie-les-bains.fr\/elb\/wp-json\/wp\/v2\/pages\/1681\/revisions"}],"predecessor-version":[{"id":5366,"href":"https:\/\/www.ville-eugenie-les-bains.fr\/elb\/wp-json\/wp\/v2\/pages\/1681\/revisions\/5366"}],"wp:attachment":[{"href":"https:\/\/www.ville-eugenie-les-bains.fr\/elb\/wp-json\/wp\/v2\/media?parent=1681"}],"curies":[{"name":"wp","href":"https:\/\/api.w.org\/{rel}","templated":true}]}}