{"id":367,"date":"2017-04-18T17:13:33","date_gmt":"2017-04-18T15:13:33","guid":{"rendered":"http:\/\/www.ville-eugenie-les-bains.fr\/elb\/?page_id=367"},"modified":"2021-04-20T11:42:54","modified_gmt":"2021-04-20T09:42:54","slug":"elus","status":"publish","type":"page","link":"https:\/\/www.ville-eugenie-les-bains.fr\/elb\/elus\/","title":{"rendered":"L&rsquo;\u00e9quipe municipale"},"content":{"rendered":"<p>[et_pb_section fb_built=\u00a0\u00bb1&Prime; fullwidth=\u00a0\u00bbon\u00a0\u00bb _builder_version=\u00a0\u00bb4.5.0&Prime; _module_preset=\u00a0\u00bbdefault\u00a0\u00bb][et_pb_fullwidth_image src=\u00a0\u00bbhttps:\/\/www.ville-eugenie-les-bains.fr\/elb\/wp-content\/uploads\/2020\/07\/pour-bandeau-Site.jpg\u00a0\u00bb alt=\u00a0\u00bbLes \u00e9lus 2020-2026 Eug\u00e9nie les Bains\u00a0\u00bb title_text=\u00a0\u00bbLes \u00e9lus 2020-2026 Eug\u00e9nie les Bains\u00a0\u00bb _builder_version=\u00a0\u00bb4.5.0&Prime; _module_preset=\u00a0\u00bbdefault\u00a0\u00bb][\/et_pb_fullwidth_image][\/et_pb_section][et_pb_section fb_built=\u00a0\u00bb1&Prime; specialty=\u00a0\u00bbon\u00a0\u00bb parallax_method_1=\u00a0\u00bboff\u00a0\u00bb parallax_method_2=\u00a0\u00bboff\u00a0\u00bb admin_label=\u00a0\u00bbsection\u00a0\u00bb _builder_version=\u00a0\u00bb3.22&Prime; background_color=\u00a0\u00bb#fafafa\u00a0\u00bb transparent_background=\u00a0\u00bboff\u00a0\u00bb make_fullwidth=\u00a0\u00bboff\u00a0\u00bb use_custom_width=\u00a0\u00bboff\u00a0\u00bb width_unit=\u00a0\u00bbon\u00a0\u00bb][et_pb_column type=\u00a0\u00bb3_4&Prime; specialty_columns=\u00a0\u00bb3&Prime; _builder_version=\u00a0\u00bb3.25&Prime; custom_padding=\u00a0\u00bb|||\u00a0\u00bb custom_padding__hover=\u00a0\u00bb|||\u00a0\u00bb][et_pb_row_inner _builder_version=\u00a0\u00bb3.25&Prime;][et_pb_column_inner saved_specialty_column_type=\u00a0\u00bb3_4&Prime; _builder_version=\u00a0\u00bb3.25&Prime; custom_padding=\u00a0\u00bb|||\u00a0\u00bb custom_padding__hover=\u00a0\u00bb|||\u00a0\u00bb][et_pb_text admin_label=\u00a0\u00bbText\u00a0\u00bb _builder_version=\u00a0\u00bb3.27.4&Prime; border_style=\u00a0\u00bbsolid\u00a0\u00bb]<\/p>\n<h1>L&rsquo;\u00e9quipe municipale<\/h1>\n<p>Pour le mandat 2020-2026, l&rsquo;\u00e9quipe municipale est compos\u00e9e de 11 \u00e9lus r\u00e9unis au minimum 1 fois par mois en conseil municipal. Les s\u00e9ances du conseil municipal sont publiques et se tiennent en g\u00e9n\u00e9ral les premiers lundis de chaque mois. Eug\u00e9nie-les-Bains est membre de la Communaut\u00e9 de Communes d\u2019Aire-sur-l\u2019Adour.<\/p>\n<p>[\/et_pb_text][et_pb_team_member name=\u00a0\u00bbPhilippe BRETHES\u00a0\u00bb position=\u00a0\u00bbMaire d&rsquo;Eug\u00e9nie-les-Bains\u00a0\u00bb image_url=\u00a0\u00bbhttps:\/\/www.ville-eugenie-les-bains.fr\/elb\/wp-content\/uploads\/2020\/07\/3915.jpg\u00a0\u00bb _builder_version=\u00a0\u00bb4.5.0&Prime; border_style=\u00a0\u00bbsolid\u00a0\u00bb]<\/p>\n<p>N\u00e9 en 1961, Directeur de soci\u00e9t\u00e9. 4\u00e8me mandat.<br \/> 1\u00e8re \u00e9lection : 2001. 1\u00e8re \u00e9lection de maire : 2014.<br \/> Pr\u00e9sident de la communaut\u00e9 des communes d&rsquo;Aire-sur-l&rsquo;Adour. Pr\u00e9sident de l&rsquo;office de tourisme communautaire. Pr\u00e9sident de droit de toutes les commissions communales.<br \/> T\u00e9l. 06 07 09 18 82<br \/> <strong>Permanence :<br \/> &#8211;<\/strong>samedi matin sur rendez-vous.<\/p>\n<p>[\/et_pb_team_member][et_pb_team_member name=\u00a0\u00bbLionel LAFARGUE\u00a0\u00bb position=\u00a0\u00bb1er adjoint\u00a0\u00bb image_url=\u00a0\u00bbhttps:\/\/www.ville-eugenie-les-bains.fr\/elb\/wp-content\/uploads\/2020\/07\/3928.jpg\u00a0\u00bb _builder_version=\u00a0\u00bb4.5.1&Prime; border_style=\u00a0\u00bbsolid\u00a0\u00bb]<\/p>\n<p>N\u00e9 en 1971. Concepteur d\u00e9veloppeur informatique. 3\u00e8me mandat.<br \/> 1\u00e8re \u00e9lection : 2008.<br \/> Conseiller communautaire.<br \/> D\u00e9l\u00e9gu\u00e9 \u00e0 l&rsquo;ALPI.<br \/>D\u00e9l\u00e9gu\u00e9 au SYDEC \u00e9nergie.<br \/> D\u00e9l\u00e9gu\u00e9 commission animation et information.<strong><\/strong><br \/>Repr\u00e9sentant au conseil d&rsquo;administration du CIAS.<br \/> T\u00e9l: 06 83 27 14 46.<\/p>\n<p>[\/et_pb_team_member][et_pb_team_member name=\u00a0\u00bbC\u00e9line BRETHOUS\u00a0\u00bb position=\u00a0\u00bb2\u00e8me adjointe\u00a0\u00bb image_url=\u00a0\u00bbhttps:\/\/www.ville-eugenie-les-bains.fr\/elb\/wp-content\/uploads\/2020\/07\/3948.jpg\u00a0\u00bb _builder_version=\u00a0\u00bb4.5.0&Prime; border_style=\u00a0\u00bbsolid\u00a0\u00bb]<\/p>\n<p>N\u00e9e en 1977. Secr\u00e9taire. 3\u00e8me mandat.<br \/> 1\u00e8re \u00e9lection : 2008.<br \/> Responsable commission animation et information.<br \/> D\u00e9l\u00e9gu\u00e9e aupr\u00e8s de la commission d&rsquo;Anim Eug\u00e9nie.<br \/> T\u00e9l: 06 22 42 15 57.<\/p>\n<p>[\/et_pb_team_member][et_pb_team_member name=\u00a0\u00bbJ\u00e9r\u00f4me LASSERENNE\u00a0\u00bb position=\u00a0\u00bb3\u00e8me adjoint\u00a0\u00bb image_url=\u00a0\u00bbhttps:\/\/www.ville-eugenie-les-bains.fr\/elb\/wp-content\/uploads\/2020\/07\/3923.jpg\u00a0\u00bb _builder_version=\u00a0\u00bb4.5.0&Prime; border_style=\u00a0\u00bbsolid\u00a0\u00bb]<\/p>\n<p>N\u00e9 en 1977. Exploitant agricole. 3\u00e8me mandat.<br \/> 1\u00e8re \u00e9lection : 2008.<br \/> Responsable commission voirie et r\u00e9seaux.<br \/>T\u00e9l: 06 72 44 37 22.<\/p>\n<p>[\/et_pb_team_member][et_pb_team_member name=\u00a0\u00bbC\u00e9line DUMARTIN\u00a0\u00bb position=\u00a0\u00bbConseill\u00e8re\u00a0\u00bb image_url=\u00a0\u00bbhttps:\/\/www.ville-eugenie-les-bains.fr\/elb\/wp-content\/uploads\/2020\/07\/3943.jpg\u00a0\u00bb _builder_version=\u00a0\u00bb4.5.0&Prime; border_style=\u00a0\u00bbsolid\u00a0\u00bb]<\/p>\n<p>N\u00e9e en 1967. Artisan fleuriste. 2\u00e8me mandat.<br \/> 1\u00e8re \u00e9lection : 2014.<br \/> Responsable commission am\u00e9nagements et espaces verts.<\/p>\n<p>[\/et_pb_team_member][et_pb_team_member name=\u00a0\u00bbMathieu LUSSEAU\u00a0\u00bb position=\u00a0\u00bbConseiller\u00a0\u00bb image_url=\u00a0\u00bbhttps:\/\/www.ville-eugenie-les-bains.fr\/elb\/wp-content\/uploads\/2020\/07\/3933.jpg\u00a0\u00bb _builder_version=\u00a0\u00bb4.5.0&Prime; border_style=\u00a0\u00bbsolid\u00a0\u00bb]<\/p>\n<p>N\u00e9 en 1978. Conseiller financier. 2\u00e8me mandat.<br \/> 1\u00e8re \u00e9lection : 2014.<br \/>Responsable aupr\u00e8s de la commission d&rsquo;Anim Eug\u00e9nie.<br \/>D\u00e9l\u00e9gu\u00e9 commission animation et information.<br \/>D\u00e9l\u00e9gu\u00e9 commission calamit\u00e9s agricoles.<\/p>\n<p>[\/et_pb_team_member][et_pb_team_member name=\u00a0\u00bbJulien LUCMORT\u00a0\u00bb position=\u00a0\u00bbConseiller\u00a0\u00bb image_url=\u00a0\u00bbhttps:\/\/www.ville-eugenie-les-bains.fr\/elb\/wp-content\/uploads\/2020\/07\/3938.jpg\u00a0\u00bb _builder_version=\u00a0\u00bb4.5.0&Prime; border_style=\u00a0\u00bbsolid\u00a0\u00bb]<\/p>\n<p>N\u00e9 en 1984. Artisan taxi. 1er mandat.<br \/> 1\u00e8re \u00e9lection : 2020.<br \/>Responsable commission calamit\u00e9s agricoles.<br \/> D\u00e9l\u00e9gu\u00e9 commission voirie et r\u00e9seaux.<\/p>\n<p>[\/et_pb_team_member][et_pb_team_member name=\u00a0\u00bbCoralie LUCMORT\u00a0\u00bb position=\u00a0\u00bbConseill\u00e8re\u00a0\u00bb image_url=\u00a0\u00bbhttps:\/\/www.ville-eugenie-les-bains.fr\/elb\/wp-content\/uploads\/2020\/07\/3912.jpg\u00a0\u00bb _builder_version=\u00a0\u00bb4.5.0&Prime; border_style=\u00a0\u00bbsolid\u00a0\u00bb]<\/p>\n<p>N\u00e9e en 1986. Infirmi\u00e8re lib\u00e9rale. 1er mandat.<br \/> 1\u00e8re \u00e9lection : 2020.<br \/> D\u00e9l\u00e9gu\u00e9e commission am\u00e9nagements et espaces verts.<br \/>D\u00e9l\u00e9gu\u00e9e commission animation et information.<\/p>\n<p>[\/et_pb_team_member][et_pb_team_member name=\u00a0\u00bbMathieu ROBIN\u00a0\u00bb position=\u00a0\u00bbConseiller\u00a0\u00bb image_url=\u00a0\u00bbhttps:\/\/www.ville-eugenie-les-bains.fr\/elb\/wp-content\/uploads\/2020\/07\/3919.jpg\u00a0\u00bb _builder_version=\u00a0\u00bb4.5.0&Prime; border_style=\u00a0\u00bbsolid\u00a0\u00bb]<\/p>\n<p>N\u00e9 en 1983. G\u00e9rant de soci\u00e9t\u00e9. 1er mandat.<br \/> 1\u00e8re \u00e9lection : 2020.<br \/> D\u00e9l\u00e9gu\u00e9 commission voirie et r\u00e9seaux.<\/p>\n<p>[\/et_pb_team_member][et_pb_team_member name=\u00a0\u00bbThierry LAMOULERE\u00a0\u00bb position=\u00a0\u00bbConseiller\u00a0\u00bb image_url=\u00a0\u00bbhttps:\/\/www.ville-eugenie-les-bains.fr\/elb\/wp-content\/uploads\/2020\/07\/3926.jpg\u00a0\u00bb _builder_version=\u00a0\u00bb4.5.0&Prime; border_style=\u00a0\u00bbsolid\u00a0\u00bb]<\/p>\n<p>N\u00e9 en 1974. Cafetier. 1er mandat.<br \/> 1\u00e8re \u00e9lection : 2020.<br \/> D\u00e9l\u00e9gu\u00e9 commission am\u00e9nagements et espaces verts.<\/p>\n<p>[\/et_pb_team_member][et_pb_team_member name=\u00a0\u00bbM\u00e9lanie BRETHOUS\u00a0\u00bb position=\u00a0\u00bbConseill\u00e8re\u00a0\u00bb image_url=\u00a0\u00bbhttps:\/\/www.ville-eugenie-les-bains.fr\/elb\/wp-content\/uploads\/2020\/07\/3963.jpg\u00a0\u00bb _builder_version=\u00a0\u00bb4.9.4&Prime; hover_enabled=\u00a0\u00bb0&Prime; border_style=\u00a0\u00bbsolid\u00a0\u00bb sticky_enabled=\u00a0\u00bb0&Prime;]<\/p>\n<p>N\u00e9e en 1984. Enseignante de la conduite de s\u00e9curit\u00e9 routi\u00e8re. 1er mandat.<br \/>1\u00e8re \u00e9lection : 2020.<br \/>D\u00e9l\u00e9gu\u00e9e commission am\u00e9nagements et espaces verts.<br \/>D\u00e9l\u00e9gu\u00e9e commission animation et information.<br \/>D\u00e9l\u00e9gu\u00e9e commission calamit\u00e9s agricoles.<\/p>\n<p>[\/et_pb_team_member][\/et_pb_column_inner][\/et_pb_row_inner][\/et_pb_column][et_pb_column type=\u00a0\u00bb1_4&Prime; _builder_version=\u00a0\u00bb3.25&Prime; custom_padding=\u00a0\u00bb|||\u00a0\u00bb custom_padding__hover=\u00a0\u00bb|||\u00a0\u00bb][et_pb_sidebar orientation=\u00a0\u00bbright\u00a0\u00bb area=\u00a0\u00bbsidebar-1&Prime; admin_label=\u00a0\u00bbSidebar\u00a0\u00bb _builder_version=\u00a0\u00bb3.0.74&Prime; header_font_size=\u00a0\u00bb20&Prime; body_text_color=\u00a0\u00bb#73b781&Prime;][\/et_pb_sidebar][et_pb_cta title=\u00a0\u00bbR\u00e9sum\u00e9 des commissions\u00a0\u00bb button_url=\u00a0\u00bbhttp:\/\/www.ville-eugenie-les-bains.fr\/ftp\/DIVERS\/conseilmunicipaletcommissions.pdf\u00a0\u00bb url_new_window=\u00a0\u00bbon\u00a0\u00bb button_text=\u00a0\u00bbICI\u00a0\u00bb disabled_on=\u00a0\u00bbon|on|on\u00a0\u00bb _builder_version=\u00a0\u00bb4.5.0&Prime; background_color=\u00a0\u00bbrgba(224,153,0,0.18)\u00a0\u00bb background_layout=\u00a0\u00bblight\u00a0\u00bb border_style=\u00a0\u00bbsolid\u00a0\u00bb button_letter_spacing_hover=\u00a0\u00bb0&Prime; disabled=\u00a0\u00bbon\u00a0\u00bb button_text_size__hover_enabled=\u00a0\u00bboff\u00a0\u00bb button_one_text_size__hover_enabled=\u00a0\u00bboff\u00a0\u00bb button_two_text_size__hover_enabled=\u00a0\u00bboff\u00a0\u00bb button_text_color__hover_enabled=\u00a0\u00bboff\u00a0\u00bb button_one_text_color__hover_enabled=\u00a0\u00bboff\u00a0\u00bb button_two_text_color__hover_enabled=\u00a0\u00bboff\u00a0\u00bb button_border_width__hover_enabled=\u00a0\u00bboff\u00a0\u00bb button_one_border_width__hover_enabled=\u00a0\u00bboff\u00a0\u00bb button_two_border_width__hover_enabled=\u00a0\u00bboff\u00a0\u00bb button_border_color__hover_enabled=\u00a0\u00bboff\u00a0\u00bb button_one_border_color__hover_enabled=\u00a0\u00bboff\u00a0\u00bb button_two_border_color__hover_enabled=\u00a0\u00bboff\u00a0\u00bb button_border_radius__hover_enabled=\u00a0\u00bboff\u00a0\u00bb button_one_border_radius__hover_enabled=\u00a0\u00bboff\u00a0\u00bb button_two_border_radius__hover_enabled=\u00a0\u00bboff\u00a0\u00bb button_letter_spacing__hover_enabled=\u00a0\u00bbon\u00a0\u00bb button_letter_spacing__hover=\u00a0\u00bb0&Prime; button_one_letter_spacing__hover_enabled=\u00a0\u00bboff\u00a0\u00bb button_two_letter_spacing__hover_enabled=\u00a0\u00bboff\u00a0\u00bb button_bg_color__hover_enabled=\u00a0\u00bboff\u00a0\u00bb button_one_bg_color__hover_enabled=\u00a0\u00bboff\u00a0\u00bb button_two_bg_color__hover_enabled=\u00a0\u00bboff\u00a0\u00bb][\/et_pb_cta][\/et_pb_column][\/et_pb_section]<\/p>\n","protected":false},"excerpt":{"rendered":"<p>L&rsquo;\u00e9quipe municipale Pour le mandat 2020-2026, l&rsquo;\u00e9quipe municipale est compos\u00e9e de 11 \u00e9lus r\u00e9unis au minimum 1 fois par mois en conseil municipal. Les s\u00e9ances du conseil municipal sont publiques et se tiennent en g\u00e9n\u00e9ral les premiers lundis de chaque mois. Eug\u00e9nie-les-Bains est membre de la Communaut\u00e9 de Communes d\u2019Aire-sur-l\u2019Adour.N\u00e9 en 1961, Directeur de soci\u00e9t\u00e9. [&hellip;]<\/p>\n","protected":false},"author":1,"featured_media":0,"parent":0,"menu_order":0,"comment_status":"closed","ping_status":"closed","template":"","meta":{"_et_pb_use_builder":"on","_et_pb_old_content":"","_et_gb_content_width":"","footnotes":""},"class_list":["post-367","page","type-page","status-publish","hentry"],"yoast_head":"<!-- This site is optimized with the Yoast SEO plugin v27.4 - https:\/\/yoast.com\/product\/yoast-seo-wordpress\/ -->\n<title>L&#039;\u00e9quipe municipale - Eug\u00e9nie-les-Bains village thermal<\/title>\n<meta name=\"robots\" content=\"index, follow, max-snippet:-1, max-image-preview:large, max-video-preview:-1\" \/>\n<link rel=\"canonical\" href=\"https:\/\/www.ville-eugenie-les-bains.fr\/elb\/elus\/\" \/>\n<meta property=\"og:locale\" content=\"fr_FR\" \/>\n<meta property=\"og:type\" content=\"article\" \/>\n<meta property=\"og:title\" content=\"L&#039;\u00e9quipe municipale - Eug\u00e9nie-les-Bains village thermal\" \/>\n<meta property=\"og:description\" content=\"L&#039;\u00e9quipe municipale Pour le mandat 2020-2026, l&#039;\u00e9quipe municipale est compos\u00e9e de 11 \u00e9lus r\u00e9unis au minimum 1 fois par mois en conseil municipal. Les s\u00e9ances du conseil municipal sont publiques et se tiennent en g\u00e9n\u00e9ral les premiers lundis de chaque mois. Eug\u00e9nie-les-Bains est membre de la Communaut\u00e9 de Communes d\u2019Aire-sur-l\u2019Adour.N\u00e9 en 1961, Directeur de soci\u00e9t\u00e9. [&hellip;]\" \/>\n<meta property=\"og:url\" content=\"https:\/\/www.ville-eugenie-les-bains.fr\/elb\/elus\/\" \/>\n<meta property=\"og:site_name\" content=\"Eug\u00e9nie-les-Bains village thermal\" \/>\n<meta property=\"article:publisher\" content=\"https:\/\/www.facebook.com\/Eug%c3%a9nie-les-Bains-animations-106187096146451\/\" \/>\n<meta property=\"article:modified_time\" content=\"2021-04-20T09:42:54+00:00\" \/>\n<meta name=\"twitter:card\" content=\"summary_large_image\" \/>\n<meta name=\"twitter:site\" content=\"@EugenieLesBains\" \/>\n<meta name=\"twitter:label1\" content=\"Dur\u00e9e de lecture estim\u00e9e\" \/>\n\t<meta name=\"twitter:data1\" content=\"5 minutes\" \/>\n<script type=\"application\/ld+json\" class=\"yoast-schema-graph\">{\"@context\":\"https:\\\/\\\/schema.org\",\"@graph\":[{\"@type\":\"WebPage\",\"@id\":\"https:\\\/\\\/www.ville-eugenie-les-bains.fr\\\/elb\\\/elus\\\/\",\"url\":\"https:\\\/\\\/www.ville-eugenie-les-bains.fr\\\/elb\\\/elus\\\/\",\"name\":\"L'\u00e9quipe municipale - Eug\u00e9nie-les-Bains village thermal\",\"isPartOf\":{\"@id\":\"https:\\\/\\\/www.ville-eugenie-les-bains.fr\\\/elb\\\/#website\"},\"datePublished\":\"2017-04-18T15:13:33+00:00\",\"dateModified\":\"2021-04-20T09:42:54+00:00\",\"breadcrumb\":{\"@id\":\"https:\\\/\\\/www.ville-eugenie-les-bains.fr\\\/elb\\\/elus\\\/#breadcrumb\"},\"inLanguage\":\"fr-FR\",\"potentialAction\":[{\"@type\":\"ReadAction\",\"target\":[\"https:\\\/\\\/www.ville-eugenie-les-bains.fr\\\/elb\\\/elus\\\/\"]}]},{\"@type\":\"BreadcrumbList\",\"@id\":\"https:\\\/\\\/www.ville-eugenie-les-bains.fr\\\/elb\\\/elus\\\/#breadcrumb\",\"itemListElement\":[{\"@type\":\"ListItem\",\"position\":1,\"name\":\"Accueil\",\"item\":\"https:\\\/\\\/www.ville-eugenie-les-bains.fr\\\/elb\\\/\"},{\"@type\":\"ListItem\",\"position\":2,\"name\":\"L&rsquo;\u00e9quipe municipale\"}]},{\"@type\":\"WebSite\",\"@id\":\"https:\\\/\\\/www.ville-eugenie-les-bains.fr\\\/elb\\\/#website\",\"url\":\"https:\\\/\\\/www.ville-eugenie-les-bains.fr\\\/elb\\\/\",\"name\":\"Eug\u00e9nie-les-Bains village thermal\",\"description\":\"site officiel d&#039;Eug\u00e9nie-les-Bains\",\"potentialAction\":[{\"@type\":\"SearchAction\",\"target\":{\"@type\":\"EntryPoint\",\"urlTemplate\":\"https:\\\/\\\/www.ville-eugenie-les-bains.fr\\\/elb\\\/?s={search_term_string}\"},\"query-input\":{\"@type\":\"PropertyValueSpecification\",\"valueRequired\":true,\"valueName\":\"search_term_string\"}}],\"inLanguage\":\"fr-FR\"}]}<\/script>\n<!-- \/ Yoast SEO plugin. -->","yoast_head_json":{"title":"L'\u00e9quipe municipale - Eug\u00e9nie-les-Bains village thermal","robots":{"index":"index","follow":"follow","max-snippet":"max-snippet:-1","max-image-preview":"max-image-preview:large","max-video-preview":"max-video-preview:-1"},"canonical":"https:\/\/www.ville-eugenie-les-bains.fr\/elb\/elus\/","og_locale":"fr_FR","og_type":"article","og_title":"L'\u00e9quipe municipale - Eug\u00e9nie-les-Bains village thermal","og_description":"L'\u00e9quipe municipale Pour le mandat 2020-2026, l'\u00e9quipe municipale est compos\u00e9e de 11 \u00e9lus r\u00e9unis au minimum 1 fois par mois en conseil municipal. Les s\u00e9ances du conseil municipal sont publiques et se tiennent en g\u00e9n\u00e9ral les premiers lundis de chaque mois. Eug\u00e9nie-les-Bains est membre de la Communaut\u00e9 de Communes d\u2019Aire-sur-l\u2019Adour.N\u00e9 en 1961, Directeur de soci\u00e9t\u00e9. [&hellip;]","og_url":"https:\/\/www.ville-eugenie-les-bains.fr\/elb\/elus\/","og_site_name":"Eug\u00e9nie-les-Bains village thermal","article_publisher":"https:\/\/www.facebook.com\/Eug%c3%a9nie-les-Bains-animations-106187096146451\/","article_modified_time":"2021-04-20T09:42:54+00:00","twitter_card":"summary_large_image","twitter_site":"@EugenieLesBains","twitter_misc":{"Dur\u00e9e de lecture estim\u00e9e":"5 minutes"},"schema":{"@context":"https:\/\/schema.org","@graph":[{"@type":"WebPage","@id":"https:\/\/www.ville-eugenie-les-bains.fr\/elb\/elus\/","url":"https:\/\/www.ville-eugenie-les-bains.fr\/elb\/elus\/","name":"L'\u00e9quipe municipale - Eug\u00e9nie-les-Bains village thermal","isPartOf":{"@id":"https:\/\/www.ville-eugenie-les-bains.fr\/elb\/#website"},"datePublished":"2017-04-18T15:13:33+00:00","dateModified":"2021-04-20T09:42:54+00:00","breadcrumb":{"@id":"https:\/\/www.ville-eugenie-les-bains.fr\/elb\/elus\/#breadcrumb"},"inLanguage":"fr-FR","potentialAction":[{"@type":"ReadAction","target":["https:\/\/www.ville-eugenie-les-bains.fr\/elb\/elus\/"]}]},{"@type":"BreadcrumbList","@id":"https:\/\/www.ville-eugenie-les-bains.fr\/elb\/elus\/#breadcrumb","itemListElement":[{"@type":"ListItem","position":1,"name":"Accueil","item":"https:\/\/www.ville-eugenie-les-bains.fr\/elb\/"},{"@type":"ListItem","position":2,"name":"L&rsquo;\u00e9quipe municipale"}]},{"@type":"WebSite","@id":"https:\/\/www.ville-eugenie-les-bains.fr\/elb\/#website","url":"https:\/\/www.ville-eugenie-les-bains.fr\/elb\/","name":"Eug\u00e9nie-les-Bains village thermal","description":"site officiel d&#039;Eug\u00e9nie-les-Bains","potentialAction":[{"@type":"SearchAction","target":{"@type":"EntryPoint","urlTemplate":"https:\/\/www.ville-eugenie-les-bains.fr\/elb\/?s={search_term_string}"},"query-input":{"@type":"PropertyValueSpecification","valueRequired":true,"valueName":"search_term_string"}}],"inLanguage":"fr-FR"}]}},"jetpack_shortlink":"https:\/\/wp.me\/P8CeHm-5V","jetpack-related-posts":[{"id":1883,"url":"https:\/\/www.ville-eugenie-les-bains.fr\/elb\/informations-mairie\/","url_meta":{"origin":367,"position":0},"title":"Informations Mairie","author":"ELBdigital","date":"16 juin 2017","format":false,"excerpt":"","rel":"","context":"Article similaire","block_context":{"text":"Article similaire","link":""},"img":{"alt_text":"","src":"","width":0,"height":0},"classes":[]},{"id":1251,"url":"https:\/\/www.ville-eugenie-les-bains.fr\/elb\/cimetiere\/","url_meta":{"origin":367,"position":1},"title":"Le cimeti\u00e8re","author":"ELBdigital","date":"24 mai 2017","format":false,"excerpt":"","rel":"","context":"Article similaire","block_context":{"text":"Article similaire","link":""},"img":{"alt_text":"","src":"","width":0,"height":0},"classes":[]},{"id":1199,"url":"https:\/\/www.ville-eugenie-les-bains.fr\/elb\/marche\/","url_meta":{"origin":367,"position":2},"title":"Le March\u00e9","author":"ELBdigital","date":"24 mai 2017","format":false,"excerpt":"","rel":"","context":"Article similaire","block_context":{"text":"Article similaire","link":""},"img":{"alt_text":"","src":"","width":0,"height":0},"classes":[]},{"id":1830,"url":"https:\/\/www.ville-eugenie-les-bains.fr\/elb\/location-hotel-camping\/","url_meta":{"origin":367,"position":3},"title":"H\u00e9bergements","author":"ELBdigital","date":"14 juin 2017","format":false,"excerpt":"","rel":"","context":"Article similaire","block_context":{"text":"Article similaire","link":""},"img":{"alt_text":"","src":"","width":0,"height":0},"classes":[]},{"id":4647,"url":"https:\/\/www.ville-eugenie-les-bains.fr\/elb\/comptes-rendus-du-conseil-municipal\/","url_meta":{"origin":367,"position":4},"title":"Comptes-rendus du conseil municipal","author":"ELBdigital","date":"12 juillet 2022","format":false,"excerpt":"","rel":"","context":"Article similaire","block_context":{"text":"Article similaire","link":""},"img":{"alt_text":"","src":"","width":0,"height":0},"classes":[]},{"id":1006,"url":"https:\/\/www.ville-eugenie-les-bains.fr\/elb\/ecole-eugenielesbains\/","url_meta":{"origin":367,"position":5},"title":"Ecole","author":"ELBdigital","date":"12 mai 2017","format":false,"excerpt":"","rel":"","context":"Article similaire","block_context":{"text":"Article similaire","link":""},"img":{"alt_text":"","src":"","width":0,"height":0},"classes":[]}],"jetpack_sharing_enabled":true,"_links":{"self":[{"href":"https:\/\/www.ville-eugenie-les-bains.fr\/elb\/wp-json\/wp\/v2\/pages\/367","targetHints":{"allow":["GET"]}}],"collection":[{"href":"https:\/\/www.ville-eugenie-les-bains.fr\/elb\/wp-json\/wp\/v2\/pages"}],"about":[{"href":"https:\/\/www.ville-eugenie-les-bains.fr\/elb\/wp-json\/wp\/v2\/types\/page"}],"author":[{"embeddable":true,"href":"https:\/\/www.ville-eugenie-les-bains.fr\/elb\/wp-json\/wp\/v2\/users\/1"}],"replies":[{"embeddable":true,"href":"https:\/\/www.ville-eugenie-les-bains.fr\/elb\/wp-json\/wp\/v2\/comments?post=367"}],"version-history":[{"count":110,"href":"https:\/\/www.ville-eugenie-les-bains.fr\/elb\/wp-json\/wp\/v2\/pages\/367\/revisions"}],"predecessor-version":[{"id":4525,"href":"https:\/\/www.ville-eugenie-les-bains.fr\/elb\/wp-json\/wp\/v2\/pages\/367\/revisions\/4525"}],"wp:attachment":[{"href":"https:\/\/www.ville-eugenie-les-bains.fr\/elb\/wp-json\/wp\/v2\/media?parent=367"}],"curies":[{"name":"wp","href":"https:\/\/api.w.org\/{rel}","templated":true}]}}