{"id":672,"date":"2017-04-28T17:43:19","date_gmt":"2017-04-28T15:43:19","guid":{"rendered":"http:\/\/www.ville-eugenie-les-bains.fr\/elb\/?page_id=672"},"modified":"2020-03-05T11:36:07","modified_gmt":"2020-03-05T10:36:07","slug":"histoire-eugenielesbains","status":"publish","type":"page","link":"https:\/\/www.ville-eugenie-les-bains.fr\/elb\/histoire-eugenielesbains\/","title":{"rendered":"L&rsquo;histoire d&rsquo;Eug\u00e9nie"},"content":{"rendered":"<p>[et_pb_section fb_built=\u00a0\u00bb1&Prime; fullwidth=\u00a0\u00bbon\u00a0\u00bb admin_label=\u00a0\u00bbSection\u00a0\u00bb _builder_version=\u00a0\u00bb3.22&Prime;][et_pb_fullwidth_slider admin_label=\u00a0\u00bbCurseur de d\u00e9filement plein \u00e9cran\u00a0\u00bb _builder_version=\u00a0\u00bb4.3.4&Prime; background_position=\u00a0\u00bbtop_left\u00a0\u00bb custom_padding=\u00a0\u00bb|||\u00a0\u00bb custom_padding_tablet=\u00a0\u00bb|||\u00a0\u00bb custom_padding_phone=\u00a0\u00bb|||\u00a0\u00bb hover_enabled=\u00a0\u00bb0&Prime; box_shadow_style=\u00a0\u00bbpreset6&Prime; box_shadow_blur=\u00a0\u00bb10px\u00a0\u00bb box_shadow_color=\u00a0\u00bbrgba(0,0,0,0.1)\u00a0\u00bb remove_inner_shadow=\u00a0\u00bboff\u00a0\u00bb hide_content_on_mobile=\u00a0\u00bboff\u00a0\u00bb hide_cta_on_mobile=\u00a0\u00bboff\u00a0\u00bb show_inner_shadow=\u00a0\u00bbon\u00a0\u00bb button_text_size__hover_enabled=\u00a0\u00bboff\u00a0\u00bb button_one_text_size__hover_enabled=\u00a0\u00bboff\u00a0\u00bb button_two_text_size__hover_enabled=\u00a0\u00bboff\u00a0\u00bb button_text_color__hover_enabled=\u00a0\u00bboff\u00a0\u00bb button_one_text_color__hover_enabled=\u00a0\u00bboff\u00a0\u00bb button_two_text_color__hover_enabled=\u00a0\u00bboff\u00a0\u00bb button_border_width__hover_enabled=\u00a0\u00bboff\u00a0\u00bb button_one_border_width__hover_enabled=\u00a0\u00bboff\u00a0\u00bb button_two_border_width__hover_enabled=\u00a0\u00bboff\u00a0\u00bb button_border_color__hover_enabled=\u00a0\u00bboff\u00a0\u00bb button_one_border_color__hover_enabled=\u00a0\u00bboff\u00a0\u00bb button_two_border_color__hover_enabled=\u00a0\u00bboff\u00a0\u00bb button_border_radius__hover_enabled=\u00a0\u00bboff\u00a0\u00bb button_one_border_radius__hover_enabled=\u00a0\u00bboff\u00a0\u00bb button_two_border_radius__hover_enabled=\u00a0\u00bboff\u00a0\u00bb button_letter_spacing__hover_enabled=\u00a0\u00bboff\u00a0\u00bb button_one_letter_spacing__hover_enabled=\u00a0\u00bboff\u00a0\u00bb button_two_letter_spacing__hover_enabled=\u00a0\u00bboff\u00a0\u00bb button_bg_color__hover_enabled=\u00a0\u00bboff\u00a0\u00bb button_one_bg_color__hover_enabled=\u00a0\u00bboff\u00a0\u00bb button_two_bg_color__hover_enabled=\u00a0\u00bboff\u00a0\u00bb][et_pb_slide use_bg_overlay=\u00a0\u00bboff\u00a0\u00bb use_text_overlay=\u00a0\u00bboff\u00a0\u00bb _builder_version=\u00a0\u00bb4.3.4&Prime; header_font=\u00a0\u00bb||||\u00a0\u00bb body_font=\u00a0\u00bb||||\u00a0\u00bb background_color=\u00a0\u00bb#ffffff\u00a0\u00bb background_image=\u00a0\u00bbhttps:\/\/www.ville-eugenie-les-bains.fr\/elb\/wp-content\/uploads\/2017\/04\/Bandeau-2.jpg\u00a0\u00bb background_position=\u00a0\u00bbbottom_center\u00a0\u00bb button_icon_placement=\u00a0\u00bbright\u00a0\u00bb button_on_hover=\u00a0\u00bbon\u00a0\u00bb hover_enabled=\u00a0\u00bb0&Prime; button_text_size__hover_enabled=\u00a0\u00bboff\u00a0\u00bb button_one_text_size__hover_enabled=\u00a0\u00bboff\u00a0\u00bb button_two_text_size__hover_enabled=\u00a0\u00bboff\u00a0\u00bb button_text_color__hover_enabled=\u00a0\u00bboff\u00a0\u00bb button_one_text_color__hover_enabled=\u00a0\u00bboff\u00a0\u00bb button_two_text_color__hover_enabled=\u00a0\u00bboff\u00a0\u00bb button_border_width__hover_enabled=\u00a0\u00bboff\u00a0\u00bb button_one_border_width__hover_enabled=\u00a0\u00bboff\u00a0\u00bb button_two_border_width__hover_enabled=\u00a0\u00bboff\u00a0\u00bb button_border_color__hover_enabled=\u00a0\u00bboff\u00a0\u00bb button_one_border_color__hover_enabled=\u00a0\u00bboff\u00a0\u00bb button_two_border_color__hover_enabled=\u00a0\u00bboff\u00a0\u00bb button_border_radius__hover_enabled=\u00a0\u00bboff\u00a0\u00bb button_one_border_radius__hover_enabled=\u00a0\u00bboff\u00a0\u00bb button_two_border_radius__hover_enabled=\u00a0\u00bboff\u00a0\u00bb button_letter_spacing__hover_enabled=\u00a0\u00bboff\u00a0\u00bb button_one_letter_spacing__hover_enabled=\u00a0\u00bboff\u00a0\u00bb button_two_letter_spacing__hover_enabled=\u00a0\u00bboff\u00a0\u00bb button_bg_color__hover_enabled=\u00a0\u00bboff\u00a0\u00bb button_one_bg_color__hover_enabled=\u00a0\u00bboff\u00a0\u00bb button_two_bg_color__hover_enabled=\u00a0\u00bboff\u00a0\u00bb background_enable_image=\u00a0\u00bbon\u00a0\u00bb][\/et_pb_slide][\/et_pb_fullwidth_slider][\/et_pb_section][et_pb_section fb_built=\u00a0\u00bb1&Prime; specialty=\u00a0\u00bbon\u00a0\u00bb parallax_method_1=\u00a0\u00bboff\u00a0\u00bb parallax_method_2=\u00a0\u00bboff\u00a0\u00bb background_position_1=\u00a0\u00bbtop_left\u00a0\u00bb background_position_2=\u00a0\u00bbtop_left\u00a0\u00bb background_repeat_1=\u00a0\u00bbno-repeat\u00a0\u00bb background_repeat_2=\u00a0\u00bbno-repeat\u00a0\u00bb admin_label=\u00a0\u00bbsection\u00a0\u00bb _builder_version=\u00a0\u00bb3.22&Prime; background_color=\u00a0\u00bb#fafafa\u00a0\u00bb custom_padding=\u00a0\u00bb0||0px|\u00a0\u00bb][et_pb_column type=\u00a0\u00bb3_4&Prime; specialty_columns=\u00a0\u00bb3&Prime; _builder_version=\u00a0\u00bb3.25&Prime; background_position=\u00a0\u00bbtop_left\u00a0\u00bb custom_padding=\u00a0\u00bb|||\u00a0\u00bb custom_padding__hover=\u00a0\u00bb|||\u00a0\u00bb][et_pb_row_inner admin_label=\u00a0\u00bbrow_inner\u00a0\u00bb _builder_version=\u00a0\u00bb3.25&Prime;][et_pb_column_inner saved_specialty_column_type=\u00a0\u00bb3_4&Prime; _builder_version=\u00a0\u00bb3.25&Prime; custom_padding=\u00a0\u00bb|||\u00a0\u00bb custom_padding__hover=\u00a0\u00bb|||\u00a0\u00bb][et_pb_text admin_label=\u00a0\u00bbText\u00a0\u00bb _builder_version=\u00a0\u00bb3.27.4&Prime; border_style=\u00a0\u00bbsolid\u00a0\u00bb]<\/p>\n<h1>La naissance d&rsquo;Eug\u00e9nie-les-Bains<\/h1>\n<p>\u00ab\u00a0&#8230; que sa Majest\u00e9 l&rsquo;imp\u00e9ratrice soit marraine de la nouvelle commune. En cons\u00e9quence (l&rsquo;assembl\u00e9e) prie M. le Maire de d\u00e9poser (&#8230;) la demande (&#8230;) de donner \u00e0 cette nouvelle commune le nom auguste de Eug\u00e9nie-les-Eaux&#8230;\u00a0\u00bb<br \/>\n<em>Extrait des conseils municipaux de Damoulens et Esp\u00e9rons 24\/06\/1860<\/em><\/p>\n<p><strong>L&rsquo;ambitieux projet<\/strong> lanc\u00e9 quelques ann\u00e9es auparavant prend un nouvel \u00e9lan en <strong>janvier 1860<\/strong>. Le pr\u00e9fet se rend sur le quartier des Eaux. Il r\u00e9alise un \u00e9tat des lieux et donne les instructions pour la future commune. D\u00e8s lors, les \u00e9v\u00e9nements se pr\u00e9cipitent.<\/p>\n<p>En mars puis juin, les conseils municipaux sont appel\u00e9s \u00e0 se prononcer. La totalit\u00e9 d&rsquo;Esp\u00e9rons est concern\u00e9e ainsi qu&rsquo;une partie de Damoulens, l&rsquo;autre est rattach\u00e9e \u00e0 Bahus-Soubiran. Enfin, le quartier des Eaux de Saint-Loubouer compl\u00e8te l\u2019assemblage. Le Conseil Municipal admet le principe et fixe le p\u00e9rim\u00e8tre du quartier \u00e0 annexer.<\/p>\n<p>La question financi\u00e8re est r\u00e9solue gr\u00e2ce \u00e0 des souscriptions <strong>offertes par les habitants<\/strong>. Messieurs Dubalen et Brettes, propri\u00e9taires d\u2019\u00e9tablissements de bains s&rsquo;engagent par acte notari\u00e9 \u00e0 se porter solidaires souscripteurs et hypoth\u00e8quent leurs biens. Le montant r\u00e9uni est de 17411,50 frs.<\/p>\n<p>Le dossier suit alors le cheminement de l&rsquo;administration : conseil d&rsquo;arrondissement, avis du sous-pr\u00e9fet, du pr\u00e9fet puis de conseil G\u00e9n\u00e9ral.<\/p>\n<p><strong>Enfin, par la loi du 8 mai 1861 sign\u00e9e au palais des Tuileries, la commune d&rsquo;Eug\u00e9nie-les-Bains est officiellement cr\u00e9\u00e9e<\/strong>.<br \/>\n[\/et_pb_text][et_pb_divider color=\u00a0\u00bb#ffffff\u00a0\u00bb disabled_on=\u00a0\u00bbon|on|off\u00a0\u00bb admin_label=\u00a0\u00bbS\u00e9parateur\u00a0\u00bb _builder_version=\u00a0\u00bb3.2&Prime; hide_on_mobile=\u00a0\u00bbon\u00a0\u00bb][\/et_pb_divider][et_pb_text admin_label=\u00a0\u00bbText\u00a0\u00bb _builder_version=\u00a0\u00bb3.27.4&Prime; use_border_color=\u00a0\u00bboff\u00a0\u00bb border_color=\u00a0\u00bb#ffffff\u00a0\u00bb border_style=\u00a0\u00bbsolid\u00a0\u00bb]<\/p>\n<h2>Eug\u00e9nie-les-Bains il y a environ 80 ans et de nos jours<\/h2>\n<p>[\/et_pb_text][\/et_pb_column_inner][\/et_pb_row_inner][\/et_pb_column][et_pb_column type=\u00a0\u00bb1_4&Prime; _builder_version=\u00a0\u00bb3.25&Prime; background_position=\u00a0\u00bbtop_left\u00a0\u00bb custom_padding=\u00a0\u00bb|||\u00a0\u00bb custom_padding__hover=\u00a0\u00bb|||\u00a0\u00bb][et_pb_sidebar orientation=\u00a0\u00bbright\u00a0\u00bb area=\u00a0\u00bbsidebar-1&Prime; admin_label=\u00a0\u00bbSidebar\u00a0\u00bb _builder_version=\u00a0\u00bb3.0.74&Prime; header_font_size=\u00a0\u00bb20&Prime; body_text_color=\u00a0\u00bb#73b781&Prime;][\/et_pb_sidebar][\/et_pb_column][\/et_pb_section][et_pb_section fb_built=\u00a0\u00bb1&Prime; admin_label=\u00a0\u00bbSection\u00a0\u00bb _builder_version=\u00a0\u00bb3.22&Prime; custom_padding=\u00a0\u00bb0|0px|54px|0px\u00a0\u00bb][et_pb_row admin_label=\u00a0\u00bbLigne\u00a0\u00bb _builder_version=\u00a0\u00bb3.25&Prime; background_size=\u00a0\u00bbinitial\u00a0\u00bb background_position=\u00a0\u00bbtop_left\u00a0\u00bb background_repeat=\u00a0\u00bbrepeat\u00a0\u00bb column_structure=\u00a0\u00bb1_2,1_2&Prime;][et_pb_column type=\u00a0\u00bb1_2&Prime; _builder_version=\u00a0\u00bb3.25&Prime; custom_padding=\u00a0\u00bb|||\u00a0\u00bb custom_padding__hover=\u00a0\u00bb|||\u00a0\u00bb][et_pb_text admin_label=\u00a0\u00bbTexte\u00a0\u00bb _builder_version=\u00a0\u00bb3.27.4&Prime; background_size=\u00a0\u00bbinitial\u00a0\u00bb background_position=\u00a0\u00bbtop_left\u00a0\u00bb background_repeat=\u00a0\u00bbrepeat\u00a0\u00bb border_style=\u00a0\u00bbsolid\u00a0\u00bb]<\/p>\n<p style=\"text-align: center;\">le d\u00e9but de la \u00ab\u00a0Grand Rue\u00a0\u00bb<\/p>\n<p>[\/et_pb_text][et_pb_image src=\u00a0\u00bbhttp:\/\/www.ville-eugenie-les-bains.fr\/elb\/wp-content\/uploads\/2017\/04\/10-Debut-rue-ren\u00e9-Vielle.jpg\u00a0\u00bb alt=\u00a0\u00bbH\u00f4tel du bois\u00a0\u00bb title_text=\u00a0\u00bbH\u00f4tel du bois\u00a0\u00bb show_in_lightbox=\u00a0\u00bbon\u00a0\u00bb align_tablet=\u00a0\u00bbcenter\u00a0\u00bb align_last_edited=\u00a0\u00bbon|desktop\u00a0\u00bb admin_label=\u00a0\u00bbImage\u00a0\u00bb _builder_version=\u00a0\u00bb3.23&Prime; use_border_color=\u00a0\u00bboff\u00a0\u00bb border_color=\u00a0\u00bb#ffffff\u00a0\u00bb border_style=\u00a0\u00bbsolid\u00a0\u00bb animation=\u00a0\u00bboff\u00a0\u00bb sticky=\u00a0\u00bboff\u00a0\u00bb][\/et_pb_image][et_pb_text admin_label=\u00a0\u00bbTexte\u00a0\u00bb _builder_version=\u00a0\u00bb3.27.4&Prime; background_size=\u00a0\u00bbinitial\u00a0\u00bb background_position=\u00a0\u00bbtop_left\u00a0\u00bb background_repeat=\u00a0\u00bbrepeat\u00a0\u00bb border_style=\u00a0\u00bbsolid\u00a0\u00bb]<\/p>\n<p style=\"text-align: center;\">L&rsquo;H\u00f4tel du Bois<\/p>\n<p>[\/et_pb_text][et_pb_image src=\u00a0\u00bbhttp:\/\/www.ville-eugenie-les-bains.fr\/elb\/wp-content\/uploads\/2017\/04\/20-Hotel-du-Bois.jpg\u00a0\u00bb alt=\u00a0\u00bbH\u00f4tel du bois\u00a0\u00bb title_text=\u00a0\u00bbH\u00f4tel du bois\u00a0\u00bb show_in_lightbox=\u00a0\u00bbon\u00a0\u00bb align_tablet=\u00a0\u00bbcenter\u00a0\u00bb align_last_edited=\u00a0\u00bbon|desktop\u00a0\u00bb admin_label=\u00a0\u00bbImage\u00a0\u00bb _builder_version=\u00a0\u00bb3.23&Prime; use_border_color=\u00a0\u00bboff\u00a0\u00bb border_color=\u00a0\u00bb#ffffff\u00a0\u00bb border_style=\u00a0\u00bbsolid\u00a0\u00bb animation=\u00a0\u00bboff\u00a0\u00bb sticky=\u00a0\u00bboff\u00a0\u00bb][\/et_pb_image][et_pb_text admin_label=\u00a0\u00bbTexte\u00a0\u00bb _builder_version=\u00a0\u00bb3.27.4&Prime; background_size=\u00a0\u00bbinitial\u00a0\u00bb background_position=\u00a0\u00bbtop_left\u00a0\u00bb background_repeat=\u00a0\u00bbrepeat\u00a0\u00bb border_style=\u00a0\u00bbsolid\u00a0\u00bb]<\/p>\n<p style=\"text-align: center;\">Le milieu de la \u00ab\u00a0Grand Rue\u00a0\u00bb<\/p>\n<p>[\/et_pb_text][et_pb_image src=\u00a0\u00bbhttp:\/\/www.ville-eugenie-les-bains.fr\/elb\/wp-content\/uploads\/2017\/04\/30-Rue-ren\u00e9-Vielle-Bureau-de-Tabac.jpg\u00a0\u00bb alt=\u00a0\u00bbH\u00f4tel du bois\u00a0\u00bb title_text=\u00a0\u00bbH\u00f4tel du bois\u00a0\u00bb show_in_lightbox=\u00a0\u00bbon\u00a0\u00bb align_tablet=\u00a0\u00bbcenter\u00a0\u00bb align_last_edited=\u00a0\u00bbon|desktop\u00a0\u00bb admin_label=\u00a0\u00bbImage\u00a0\u00bb _builder_version=\u00a0\u00bb3.23&Prime; use_border_color=\u00a0\u00bboff\u00a0\u00bb border_color=\u00a0\u00bb#ffffff\u00a0\u00bb border_style=\u00a0\u00bbsolid\u00a0\u00bb animation=\u00a0\u00bboff\u00a0\u00bb sticky=\u00a0\u00bboff\u00a0\u00bb][\/et_pb_image][et_pb_text admin_label=\u00a0\u00bbTexte\u00a0\u00bb _builder_version=\u00a0\u00bb3.27.4&Prime; background_size=\u00a0\u00bbinitial\u00a0\u00bb background_position=\u00a0\u00bbtop_left\u00a0\u00bb background_repeat=\u00a0\u00bbrepeat\u00a0\u00bb border_style=\u00a0\u00bbsolid\u00a0\u00bb]<\/p>\n<p style=\"text-align: center;\">La fa\u00e7ade de l\u2019\u00e9glise<\/p>\n<p>[\/et_pb_text][et_pb_image src=\u00a0\u00bbhttp:\/\/www.ville-eugenie-les-bains.fr\/elb\/wp-content\/uploads\/2017\/04\/40-Eglise.jpg\u00a0\u00bb alt=\u00a0\u00bbH\u00f4tel du bois\u00a0\u00bb title_text=\u00a0\u00bbH\u00f4tel du bois\u00a0\u00bb show_in_lightbox=\u00a0\u00bbon\u00a0\u00bb align_tablet=\u00a0\u00bbcenter\u00a0\u00bb align_last_edited=\u00a0\u00bbon|desktop\u00a0\u00bb admin_label=\u00a0\u00bbImage\u00a0\u00bb _builder_version=\u00a0\u00bb3.23&Prime; use_border_color=\u00a0\u00bboff\u00a0\u00bb border_color=\u00a0\u00bb#ffffff\u00a0\u00bb border_style=\u00a0\u00bbsolid\u00a0\u00bb animation=\u00a0\u00bboff\u00a0\u00bb sticky=\u00a0\u00bboff\u00a0\u00bb][\/et_pb_image][et_pb_text admin_label=\u00a0\u00bbTexte\u00a0\u00bb _builder_version=\u00a0\u00bb3.27.4&Prime; background_size=\u00a0\u00bbinitial\u00a0\u00bb background_position=\u00a0\u00bbtop_left\u00a0\u00bb background_repeat=\u00a0\u00bbrepeat\u00a0\u00bb border_style=\u00a0\u00bbsolid\u00a0\u00bb]<\/p>\n<p style=\"text-align: center;\">Le pont sur le Bahus au parc des thermes<\/p>\n<p>[\/et_pb_text][et_pb_image src=\u00a0\u00bbhttp:\/\/www.ville-eugenie-les-bains.fr\/elb\/wp-content\/uploads\/2017\/04\/50-Pont-du-Bahus-Les-pr\u00e9s.jpg\u00a0\u00bb alt=\u00a0\u00bbH\u00f4tel du bois\u00a0\u00bb title_text=\u00a0\u00bbH\u00f4tel du bois\u00a0\u00bb show_in_lightbox=\u00a0\u00bbon\u00a0\u00bb align_tablet=\u00a0\u00bbcenter\u00a0\u00bb align_last_edited=\u00a0\u00bbon|desktop\u00a0\u00bb admin_label=\u00a0\u00bbImage\u00a0\u00bb _builder_version=\u00a0\u00bb3.23&Prime; use_border_color=\u00a0\u00bboff\u00a0\u00bb border_color=\u00a0\u00bb#ffffff\u00a0\u00bb border_style=\u00a0\u00bbsolid\u00a0\u00bb animation=\u00a0\u00bboff\u00a0\u00bb sticky=\u00a0\u00bboff\u00a0\u00bb][\/et_pb_image][et_pb_text admin_label=\u00a0\u00bbTexte\u00a0\u00bb _builder_version=\u00a0\u00bb3.27.4&Prime; background_size=\u00a0\u00bbinitial\u00a0\u00bb background_position=\u00a0\u00bbtop_left\u00a0\u00bb background_repeat=\u00a0\u00bbrepeat\u00a0\u00bb border_style=\u00a0\u00bbsolid\u00a0\u00bb]<\/p>\n<p style=\"text-align: center;\">Fa\u00e7ades des commerces<\/p>\n<p>[\/et_pb_text][et_pb_image src=\u00a0\u00bbhttp:\/\/www.ville-eugenie-les-bains.fr\/elb\/wp-content\/uploads\/2017\/04\/60-Grande-rue.jpg\u00a0\u00bb alt=\u00a0\u00bbH\u00f4tel du bois\u00a0\u00bb title_text=\u00a0\u00bbH\u00f4tel du bois\u00a0\u00bb show_in_lightbox=\u00a0\u00bbon\u00a0\u00bb align_tablet=\u00a0\u00bbcenter\u00a0\u00bb align_last_edited=\u00a0\u00bbon|desktop\u00a0\u00bb admin_label=\u00a0\u00bbImage\u00a0\u00bb _builder_version=\u00a0\u00bb3.23&Prime; use_border_color=\u00a0\u00bboff\u00a0\u00bb border_color=\u00a0\u00bb#ffffff\u00a0\u00bb border_style=\u00a0\u00bbsolid\u00a0\u00bb animation=\u00a0\u00bboff\u00a0\u00bb sticky=\u00a0\u00bboff\u00a0\u00bb][\/et_pb_image][et_pb_text admin_label=\u00a0\u00bbTexte\u00a0\u00bb _builder_version=\u00a0\u00bb3.27.4&Prime; background_size=\u00a0\u00bbinitial\u00a0\u00bb background_position=\u00a0\u00bbtop_left\u00a0\u00bb background_repeat=\u00a0\u00bbrepeat\u00a0\u00bb border_style=\u00a0\u00bbsolid\u00a0\u00bb]<\/p>\n<p style=\"text-align: center;\">Une entr\u00e9e du village<\/p>\n<p>[\/et_pb_text][et_pb_image src=\u00a0\u00bbhttp:\/\/www.ville-eugenie-les-bains.fr\/elb\/wp-content\/uploads\/2017\/04\/70-Route-Aire.jpg\u00a0\u00bb alt=\u00a0\u00bbH\u00f4tel du bois\u00a0\u00bb title_text=\u00a0\u00bbH\u00f4tel du bois\u00a0\u00bb show_in_lightbox=\u00a0\u00bbon\u00a0\u00bb align_tablet=\u00a0\u00bbcenter\u00a0\u00bb align_last_edited=\u00a0\u00bbon|desktop\u00a0\u00bb admin_label=\u00a0\u00bbImage\u00a0\u00bb _builder_version=\u00a0\u00bb3.23&Prime; use_border_color=\u00a0\u00bboff\u00a0\u00bb border_color=\u00a0\u00bb#ffffff\u00a0\u00bb border_style=\u00a0\u00bbsolid\u00a0\u00bb animation=\u00a0\u00bboff\u00a0\u00bb sticky=\u00a0\u00bboff\u00a0\u00bb][\/et_pb_image][et_pb_text admin_label=\u00a0\u00bbTexte\u00a0\u00bb _builder_version=\u00a0\u00bb3.27.4&Prime; background_size=\u00a0\u00bbinitial\u00a0\u00bb background_position=\u00a0\u00bbtop_left\u00a0\u00bb background_repeat=\u00a0\u00bbrepeat\u00a0\u00bb border_style=\u00a0\u00bbsolid\u00a0\u00bb]<\/p>\n<p style=\"text-align: center;\">La Gare<\/p>\n<p>[\/et_pb_text][et_pb_image src=\u00a0\u00bbhttp:\/\/www.ville-eugenie-les-bains.fr\/elb\/wp-content\/uploads\/2017\/04\/80-La-Gare.jpg\u00a0\u00bb alt=\u00a0\u00bbH\u00f4tel du bois\u00a0\u00bb title_text=\u00a0\u00bbH\u00f4tel du bois\u00a0\u00bb show_in_lightbox=\u00a0\u00bbon\u00a0\u00bb align_tablet=\u00a0\u00bbcenter\u00a0\u00bb align_last_edited=\u00a0\u00bbon|desktop\u00a0\u00bb admin_label=\u00a0\u00bbImage\u00a0\u00bb _builder_version=\u00a0\u00bb3.23&Prime; use_border_color=\u00a0\u00bboff\u00a0\u00bb border_color=\u00a0\u00bb#ffffff\u00a0\u00bb border_style=\u00a0\u00bbsolid\u00a0\u00bb animation=\u00a0\u00bboff\u00a0\u00bb sticky=\u00a0\u00bboff\u00a0\u00bb][\/et_pb_image][et_pb_text admin_label=\u00a0\u00bbTexte\u00a0\u00bb _builder_version=\u00a0\u00bb3.27.4&Prime; background_size=\u00a0\u00bbinitial\u00a0\u00bb background_position=\u00a0\u00bbtop_left\u00a0\u00bb background_repeat=\u00a0\u00bbrepeat\u00a0\u00bb border_style=\u00a0\u00bbsolid\u00a0\u00bb]<\/p>\n<p style=\"text-align: center;\">Vue depuis le plateau sud<\/p>\n<p>[\/et_pb_text][et_pb_image src=\u00a0\u00bbhttp:\/\/www.ville-eugenie-les-bains.fr\/elb\/wp-content\/uploads\/2017\/04\/90-Vue-aerienne.jpg\u00a0\u00bb alt=\u00a0\u00bbH\u00f4tel du bois\u00a0\u00bb title_text=\u00a0\u00bbH\u00f4tel du bois\u00a0\u00bb show_in_lightbox=\u00a0\u00bbon\u00a0\u00bb align_tablet=\u00a0\u00bbcenter\u00a0\u00bb align_last_edited=\u00a0\u00bbon|desktop\u00a0\u00bb admin_label=\u00a0\u00bbImage\u00a0\u00bb _builder_version=\u00a0\u00bb3.23&Prime; use_border_color=\u00a0\u00bboff\u00a0\u00bb border_color=\u00a0\u00bb#ffffff\u00a0\u00bb border_style=\u00a0\u00bbsolid\u00a0\u00bb animation=\u00a0\u00bboff\u00a0\u00bb sticky=\u00a0\u00bboff\u00a0\u00bb][\/et_pb_image][\/et_pb_column][et_pb_column type=\u00a0\u00bb1_2&Prime; _builder_version=\u00a0\u00bb3.25&Prime; custom_padding=\u00a0\u00bb|||\u00a0\u00bb custom_padding__hover=\u00a0\u00bb|||\u00a0\u00bb][et_pb_text admin_label=\u00a0\u00bbTexte\u00a0\u00bb _builder_version=\u00a0\u00bb3.27.4&Prime; background_size=\u00a0\u00bbinitial\u00a0\u00bb background_position=\u00a0\u00bbtop_left\u00a0\u00bb background_repeat=\u00a0\u00bbrepeat\u00a0\u00bb border_style=\u00a0\u00bbsolid\u00a0\u00bb]<\/p>\n<p style=\"text-align: center;\">le d\u00e9but de la rue \u00ab\u00a0Ren\u00e9 Vielle\u00a0\u00bb<\/p>\n<p>[\/et_pb_text][et_pb_image src=\u00a0\u00bbhttp:\/\/www.ville-eugenie-les-bains.fr\/elb\/wp-content\/uploads\/2017\/04\/11-Debut-rue-ren\u00e9-Vielle.jpg\u00a0\u00bb alt=\u00a0\u00bbH\u00f4tel du bois (Maison Rose maintenant)\u00a0\u00bb title_text=\u00a0\u00bbH\u00f4tel du bois (Maison Rose maintenant)\u00a0\u00bb show_in_lightbox=\u00a0\u00bbon\u00a0\u00bb align_tablet=\u00a0\u00bbcenter\u00a0\u00bb align_last_edited=\u00a0\u00bbon|desktop\u00a0\u00bb admin_label=\u00a0\u00bbImage\u00a0\u00bb _builder_version=\u00a0\u00bb3.23&Prime; use_border_color=\u00a0\u00bboff\u00a0\u00bb border_color=\u00a0\u00bb#ffffff\u00a0\u00bb border_style=\u00a0\u00bbsolid\u00a0\u00bb animation=\u00a0\u00bboff\u00a0\u00bb sticky=\u00a0\u00bboff\u00a0\u00bb][\/et_pb_image][et_pb_text admin_label=\u00a0\u00bbTexte\u00a0\u00bb _builder_version=\u00a0\u00bb3.27.4&Prime; background_size=\u00a0\u00bbinitial\u00a0\u00bb background_position=\u00a0\u00bbtop_left\u00a0\u00bb background_repeat=\u00a0\u00bbrepeat\u00a0\u00bb border_style=\u00a0\u00bbsolid\u00a0\u00bb]<\/p>\n<p style=\"text-align: center;\">La Maison Rose<\/p>\n<p>[\/et_pb_text][et_pb_image src=\u00a0\u00bbhttp:\/\/www.ville-eugenie-les-bains.fr\/elb\/wp-content\/uploads\/2017\/04\/21-La-maison-Rose.jpg\u00a0\u00bb alt=\u00a0\u00bbH\u00f4tel du bois (Maison Rose maintenant)\u00a0\u00bb title_text=\u00a0\u00bbH\u00f4tel du bois (Maison Rose maintenant)\u00a0\u00bb show_in_lightbox=\u00a0\u00bbon\u00a0\u00bb align_tablet=\u00a0\u00bbcenter\u00a0\u00bb align_last_edited=\u00a0\u00bbon|desktop\u00a0\u00bb admin_label=\u00a0\u00bbImage\u00a0\u00bb _builder_version=\u00a0\u00bb3.23&Prime; use_border_color=\u00a0\u00bboff\u00a0\u00bb border_color=\u00a0\u00bb#ffffff\u00a0\u00bb border_style=\u00a0\u00bbsolid\u00a0\u00bb animation=\u00a0\u00bboff\u00a0\u00bb sticky=\u00a0\u00bboff\u00a0\u00bb][\/et_pb_image][et_pb_text admin_label=\u00a0\u00bbTexte\u00a0\u00bb _builder_version=\u00a0\u00bb3.27.4&Prime; background_size=\u00a0\u00bbinitial\u00a0\u00bb background_position=\u00a0\u00bbtop_left\u00a0\u00bb background_repeat=\u00a0\u00bbrepeat\u00a0\u00bb border_style=\u00a0\u00bbsolid\u00a0\u00bb]<\/p>\n<p style=\"text-align: center;\">Le milieu de la rue Ren\u00e9 Vielle<\/p>\n<p>[\/et_pb_text][et_pb_image src=\u00a0\u00bbhttp:\/\/www.ville-eugenie-les-bains.fr\/elb\/wp-content\/uploads\/2017\/04\/31-Rue-ren\u00e9-Vielle-Bureau-de-Tabac.jpg\u00a0\u00bb alt=\u00a0\u00bbH\u00f4tel du bois (Maison Rose maintenant)\u00a0\u00bb title_text=\u00a0\u00bbH\u00f4tel du bois (Maison Rose maintenant)\u00a0\u00bb show_in_lightbox=\u00a0\u00bbon\u00a0\u00bb align_tablet=\u00a0\u00bbcenter\u00a0\u00bb align_last_edited=\u00a0\u00bbon|desktop\u00a0\u00bb admin_label=\u00a0\u00bbImage\u00a0\u00bb _builder_version=\u00a0\u00bb3.23&Prime; use_border_color=\u00a0\u00bboff\u00a0\u00bb border_color=\u00a0\u00bb#ffffff\u00a0\u00bb border_style=\u00a0\u00bbsolid\u00a0\u00bb animation=\u00a0\u00bboff\u00a0\u00bb sticky=\u00a0\u00bboff\u00a0\u00bb][\/et_pb_image][et_pb_text admin_label=\u00a0\u00bbTexte\u00a0\u00bb _builder_version=\u00a0\u00bb3.27.4&Prime; background_size=\u00a0\u00bbinitial\u00a0\u00bb background_position=\u00a0\u00bbtop_left\u00a0\u00bb background_repeat=\u00a0\u00bbrepeat\u00a0\u00bb border_style=\u00a0\u00bbsolid\u00a0\u00bb]<\/p>\n<p style=\"text-align: center;\">La fa\u00e7ade de l\u2019\u00e9glise<\/p>\n<p>[\/et_pb_text][et_pb_image src=\u00a0\u00bbhttp:\/\/www.ville-eugenie-les-bains.fr\/elb\/wp-content\/uploads\/2017\/04\/41-Eglise.jpg\u00a0\u00bb alt=\u00a0\u00bbH\u00f4tel du bois (Maison Rose maintenant)\u00a0\u00bb title_text=\u00a0\u00bbH\u00f4tel du bois (Maison Rose maintenant)\u00a0\u00bb show_in_lightbox=\u00a0\u00bbon\u00a0\u00bb align_tablet=\u00a0\u00bbcenter\u00a0\u00bb align_last_edited=\u00a0\u00bbon|desktop\u00a0\u00bb admin_label=\u00a0\u00bbImage\u00a0\u00bb _builder_version=\u00a0\u00bb3.23&Prime; use_border_color=\u00a0\u00bboff\u00a0\u00bb border_color=\u00a0\u00bb#ffffff\u00a0\u00bb border_style=\u00a0\u00bbsolid\u00a0\u00bb animation=\u00a0\u00bboff\u00a0\u00bb sticky=\u00a0\u00bboff\u00a0\u00bb][\/et_pb_image][et_pb_text admin_label=\u00a0\u00bbTexte\u00a0\u00bb _builder_version=\u00a0\u00bb3.27.4&Prime; background_size=\u00a0\u00bbinitial\u00a0\u00bb background_position=\u00a0\u00bbtop_left\u00a0\u00bb background_repeat=\u00a0\u00bbrepeat\u00a0\u00bb border_style=\u00a0\u00bbsolid\u00a0\u00bb]<\/p>\n<p style=\"text-align: center;\">Le pont sur le Bahus au parc des thermes<\/p>\n<p>[\/et_pb_text][et_pb_image src=\u00a0\u00bbhttp:\/\/www.ville-eugenie-les-bains.fr\/elb\/wp-content\/uploads\/2017\/04\/51-Pont-du-Bahus-Les-pr\u00e9s.jpg\u00a0\u00bb alt=\u00a0\u00bbH\u00f4tel du bois (Maison Rose maintenant)\u00a0\u00bb title_text=\u00a0\u00bbH\u00f4tel du bois (Maison Rose maintenant)\u00a0\u00bb show_in_lightbox=\u00a0\u00bbon\u00a0\u00bb align_tablet=\u00a0\u00bbcenter\u00a0\u00bb align_last_edited=\u00a0\u00bbon|desktop\u00a0\u00bb admin_label=\u00a0\u00bbImage\u00a0\u00bb _builder_version=\u00a0\u00bb3.23&Prime; use_border_color=\u00a0\u00bboff\u00a0\u00bb border_color=\u00a0\u00bb#ffffff\u00a0\u00bb border_style=\u00a0\u00bbsolid\u00a0\u00bb animation=\u00a0\u00bboff\u00a0\u00bb sticky=\u00a0\u00bboff\u00a0\u00bb][\/et_pb_image][et_pb_text admin_label=\u00a0\u00bbTexte\u00a0\u00bb _builder_version=\u00a0\u00bb3.27.4&Prime; background_size=\u00a0\u00bbinitial\u00a0\u00bb background_position=\u00a0\u00bbtop_left\u00a0\u00bb background_repeat=\u00a0\u00bbrepeat\u00a0\u00bb border_style=\u00a0\u00bbsolid\u00a0\u00bb]<\/p>\n<p style=\"text-align: center;\">Fa\u00e7ades des commerces<\/p>\n<p>[\/et_pb_text][et_pb_image src=\u00a0\u00bbhttp:\/\/www.ville-eugenie-les-bains.fr\/elb\/wp-content\/uploads\/2017\/04\/61-Grande-rue-1.jpg\u00a0\u00bb alt=\u00a0\u00bbH\u00f4tel du bois (Maison Rose maintenant)\u00a0\u00bb title_text=\u00a0\u00bbH\u00f4tel du bois (Maison Rose maintenant)\u00a0\u00bb show_in_lightbox=\u00a0\u00bbon\u00a0\u00bb align_tablet=\u00a0\u00bbcenter\u00a0\u00bb align_last_edited=\u00a0\u00bbon|desktop\u00a0\u00bb admin_label=\u00a0\u00bbImage\u00a0\u00bb _builder_version=\u00a0\u00bb3.23&Prime; border_style=\u00a0\u00bbsolid\u00a0\u00bb animation=\u00a0\u00bboff\u00a0\u00bb sticky=\u00a0\u00bboff\u00a0\u00bb][\/et_pb_image][et_pb_text admin_label=\u00a0\u00bbTexte\u00a0\u00bb _builder_version=\u00a0\u00bb3.27.4&Prime; background_size=\u00a0\u00bbinitial\u00a0\u00bb background_position=\u00a0\u00bbtop_left\u00a0\u00bb background_repeat=\u00a0\u00bbrepeat\u00a0\u00bb border_style=\u00a0\u00bbsolid\u00a0\u00bb]<\/p>\n<p style=\"text-align: center;\">Une entr\u00e9e du village<\/p>\n<p>[\/et_pb_text][et_pb_image src=\u00a0\u00bbhttp:\/\/www.ville-eugenie-les-bains.fr\/elb\/wp-content\/uploads\/2017\/04\/71-Route-Aire.jpg\u00a0\u00bb alt=\u00a0\u00bbH\u00f4tel du bois (Maison Rose maintenant)\u00a0\u00bb title_text=\u00a0\u00bbH\u00f4tel du bois (Maison Rose maintenant)\u00a0\u00bb show_in_lightbox=\u00a0\u00bbon\u00a0\u00bb align_tablet=\u00a0\u00bbcenter\u00a0\u00bb align_last_edited=\u00a0\u00bbon|desktop\u00a0\u00bb admin_label=\u00a0\u00bbImage\u00a0\u00bb _builder_version=\u00a0\u00bb3.23&Prime; use_border_color=\u00a0\u00bboff\u00a0\u00bb border_color=\u00a0\u00bb#ffffff\u00a0\u00bb border_style=\u00a0\u00bbsolid\u00a0\u00bb animation=\u00a0\u00bboff\u00a0\u00bb sticky=\u00a0\u00bboff\u00a0\u00bb][\/et_pb_image][et_pb_text admin_label=\u00a0\u00bbTexte\u00a0\u00bb _builder_version=\u00a0\u00bb3.27.4&Prime; background_size=\u00a0\u00bbinitial\u00a0\u00bb background_position=\u00a0\u00bbtop_left\u00a0\u00bb background_repeat=\u00a0\u00bbrepeat\u00a0\u00bb border_style=\u00a0\u00bbsolid\u00a0\u00bb]<\/p>\n<p style=\"text-align: center;\">Un b\u00e2timent communal<\/p>\n<p>[\/et_pb_text][et_pb_image src=\u00a0\u00bbhttp:\/\/www.ville-eugenie-les-bains.fr\/elb\/wp-content\/uploads\/2017\/04\/81-La-Gare.jpg\u00a0\u00bb alt=\u00a0\u00bbH\u00f4tel du bois (Maison Rose maintenant)\u00a0\u00bb title_text=\u00a0\u00bbH\u00f4tel du bois (Maison Rose maintenant)\u00a0\u00bb show_in_lightbox=\u00a0\u00bbon\u00a0\u00bb align_tablet=\u00a0\u00bbcenter\u00a0\u00bb align_last_edited=\u00a0\u00bbon|desktop\u00a0\u00bb admin_label=\u00a0\u00bbImage\u00a0\u00bb _builder_version=\u00a0\u00bb3.23&Prime; use_border_color=\u00a0\u00bboff\u00a0\u00bb border_color=\u00a0\u00bb#ffffff\u00a0\u00bb border_style=\u00a0\u00bbsolid\u00a0\u00bb animation=\u00a0\u00bboff\u00a0\u00bb sticky=\u00a0\u00bboff\u00a0\u00bb][\/et_pb_image][et_pb_text admin_label=\u00a0\u00bbTexte\u00a0\u00bb _builder_version=\u00a0\u00bb3.27.4&Prime; background_size=\u00a0\u00bbinitial\u00a0\u00bb background_position=\u00a0\u00bbtop_left\u00a0\u00bb background_repeat=\u00a0\u00bbrepeat\u00a0\u00bb border_style=\u00a0\u00bbsolid\u00a0\u00bb]<\/p>\n<p style=\"text-align: center;\">Vue a\u00e9rienne<\/p>\n<p>[\/et_pb_text][et_pb_image src=\u00a0\u00bbhttp:\/\/www.ville-eugenie-les-bains.fr\/elb\/wp-content\/uploads\/2017\/04\/91-Vue-aerienne.jpg\u00a0\u00bb alt=\u00a0\u00bbH\u00f4tel du bois (Maison Rose maintenant)\u00a0\u00bb title_text=\u00a0\u00bbH\u00f4tel du bois (Maison Rose maintenant)\u00a0\u00bb show_in_lightbox=\u00a0\u00bbon\u00a0\u00bb align_tablet=\u00a0\u00bbcenter\u00a0\u00bb align_last_edited=\u00a0\u00bbon|desktop\u00a0\u00bb admin_label=\u00a0\u00bbImage\u00a0\u00bb _builder_version=\u00a0\u00bb3.23&Prime; use_border_color=\u00a0\u00bboff\u00a0\u00bb border_color=\u00a0\u00bb#ffffff\u00a0\u00bb border_style=\u00a0\u00bbsolid\u00a0\u00bb animation=\u00a0\u00bboff\u00a0\u00bb sticky=\u00a0\u00bboff\u00a0\u00bb][\/et_pb_image][\/et_pb_column][\/et_pb_row][\/et_pb_section]<\/p>\n","protected":false},"excerpt":{"rendered":"<p>La naissance d&rsquo;Eug\u00e9nie-les-Bains \u00ab\u00a0&#8230; que sa Majest\u00e9 l&rsquo;imp\u00e9ratrice soit marraine de la nouvelle commune. En cons\u00e9quence (l&rsquo;assembl\u00e9e) prie M. le Maire de d\u00e9poser (&#8230;) la demande (&#8230;) de donner \u00e0 cette nouvelle commune le nom auguste de Eug\u00e9nie-les-Eaux&#8230;\u00a0\u00bb Extrait des conseils municipaux de Damoulens et Esp\u00e9rons 24\/06\/1860 L&rsquo;ambitieux projet lanc\u00e9 quelques ann\u00e9es auparavant prend un [&hellip;]<\/p>\n","protected":false},"author":1,"featured_media":0,"parent":0,"menu_order":0,"comment_status":"closed","ping_status":"closed","template":"","meta":{"_et_pb_use_builder":"on","_et_pb_old_content":"","_et_gb_content_width":"","footnotes":""},"class_list":["post-672","page","type-page","status-publish","hentry"],"yoast_head":"<!-- This site is optimized with the Yoast SEO plugin v27.4 - https:\/\/yoast.com\/product\/yoast-seo-wordpress\/ -->\n<title>L&#039;histoire d&#039;Eug\u00e9nie - Eug\u00e9nie-les-Bains village thermal<\/title>\n<meta name=\"robots\" content=\"index, follow, max-snippet:-1, max-image-preview:large, max-video-preview:-1\" \/>\n<link rel=\"canonical\" href=\"https:\/\/www.ville-eugenie-les-bains.fr\/elb\/histoire-eugenielesbains\/\" \/>\n<meta property=\"og:locale\" content=\"fr_FR\" \/>\n<meta property=\"og:type\" content=\"article\" \/>\n<meta property=\"og:title\" content=\"L&#039;histoire d&#039;Eug\u00e9nie - Eug\u00e9nie-les-Bains village thermal\" \/>\n<meta property=\"og:description\" content=\"La naissance d&#039;Eug\u00e9nie-les-Bains &quot;... que sa Majest\u00e9 l&#039;imp\u00e9ratrice soit marraine de la nouvelle commune. En cons\u00e9quence (l&#039;assembl\u00e9e) prie M. le Maire de d\u00e9poser (...) la demande (...) de donner \u00e0 cette nouvelle commune le nom auguste de Eug\u00e9nie-les-Eaux...&quot; Extrait des conseils municipaux de Damoulens et Esp\u00e9rons 24\/06\/1860 L&#039;ambitieux projet lanc\u00e9 quelques ann\u00e9es auparavant prend un [&hellip;]\" \/>\n<meta property=\"og:url\" content=\"https:\/\/www.ville-eugenie-les-bains.fr\/elb\/histoire-eugenielesbains\/\" \/>\n<meta property=\"og:site_name\" content=\"Eug\u00e9nie-les-Bains village thermal\" \/>\n<meta property=\"article:publisher\" content=\"https:\/\/www.facebook.com\/Eug%c3%a9nie-les-Bains-animations-106187096146451\/\" \/>\n<meta property=\"article:modified_time\" content=\"2020-03-05T10:36:07+00:00\" \/>\n<meta name=\"twitter:card\" content=\"summary_large_image\" \/>\n<meta name=\"twitter:site\" content=\"@EugenieLesBains\" \/>\n<meta name=\"twitter:label1\" content=\"Dur\u00e9e de lecture estim\u00e9e\" \/>\n\t<meta name=\"twitter:data1\" content=\"13 minutes\" \/>\n<script type=\"application\/ld+json\" class=\"yoast-schema-graph\">{\"@context\":\"https:\\\/\\\/schema.org\",\"@graph\":[{\"@type\":\"WebPage\",\"@id\":\"https:\\\/\\\/www.ville-eugenie-les-bains.fr\\\/elb\\\/histoire-eugenielesbains\\\/\",\"url\":\"https:\\\/\\\/www.ville-eugenie-les-bains.fr\\\/elb\\\/histoire-eugenielesbains\\\/\",\"name\":\"L'histoire d'Eug\u00e9nie - Eug\u00e9nie-les-Bains village thermal\",\"isPartOf\":{\"@id\":\"https:\\\/\\\/www.ville-eugenie-les-bains.fr\\\/elb\\\/#website\"},\"datePublished\":\"2017-04-28T15:43:19+00:00\",\"dateModified\":\"2020-03-05T10:36:07+00:00\",\"breadcrumb\":{\"@id\":\"https:\\\/\\\/www.ville-eugenie-les-bains.fr\\\/elb\\\/histoire-eugenielesbains\\\/#breadcrumb\"},\"inLanguage\":\"fr-FR\",\"potentialAction\":[{\"@type\":\"ReadAction\",\"target\":[\"https:\\\/\\\/www.ville-eugenie-les-bains.fr\\\/elb\\\/histoire-eugenielesbains\\\/\"]}]},{\"@type\":\"BreadcrumbList\",\"@id\":\"https:\\\/\\\/www.ville-eugenie-les-bains.fr\\\/elb\\\/histoire-eugenielesbains\\\/#breadcrumb\",\"itemListElement\":[{\"@type\":\"ListItem\",\"position\":1,\"name\":\"Accueil\",\"item\":\"https:\\\/\\\/www.ville-eugenie-les-bains.fr\\\/elb\\\/\"},{\"@type\":\"ListItem\",\"position\":2,\"name\":\"L&rsquo;histoire d&rsquo;Eug\u00e9nie\"}]},{\"@type\":\"WebSite\",\"@id\":\"https:\\\/\\\/www.ville-eugenie-les-bains.fr\\\/elb\\\/#website\",\"url\":\"https:\\\/\\\/www.ville-eugenie-les-bains.fr\\\/elb\\\/\",\"name\":\"Eug\u00e9nie-les-Bains village thermal\",\"description\":\"site officiel d&#039;Eug\u00e9nie-les-Bains\",\"potentialAction\":[{\"@type\":\"SearchAction\",\"target\":{\"@type\":\"EntryPoint\",\"urlTemplate\":\"https:\\\/\\\/www.ville-eugenie-les-bains.fr\\\/elb\\\/?s={search_term_string}\"},\"query-input\":{\"@type\":\"PropertyValueSpecification\",\"valueRequired\":true,\"valueName\":\"search_term_string\"}}],\"inLanguage\":\"fr-FR\"}]}<\/script>\n<!-- \/ Yoast SEO plugin. -->","yoast_head_json":{"title":"L'histoire d'Eug\u00e9nie - Eug\u00e9nie-les-Bains village thermal","robots":{"index":"index","follow":"follow","max-snippet":"max-snippet:-1","max-image-preview":"max-image-preview:large","max-video-preview":"max-video-preview:-1"},"canonical":"https:\/\/www.ville-eugenie-les-bains.fr\/elb\/histoire-eugenielesbains\/","og_locale":"fr_FR","og_type":"article","og_title":"L'histoire d'Eug\u00e9nie - Eug\u00e9nie-les-Bains village thermal","og_description":"La naissance d'Eug\u00e9nie-les-Bains \"... que sa Majest\u00e9 l'imp\u00e9ratrice soit marraine de la nouvelle commune. En cons\u00e9quence (l'assembl\u00e9e) prie M. le Maire de d\u00e9poser (...) la demande (...) de donner \u00e0 cette nouvelle commune le nom auguste de Eug\u00e9nie-les-Eaux...\" Extrait des conseils municipaux de Damoulens et Esp\u00e9rons 24\/06\/1860 L'ambitieux projet lanc\u00e9 quelques ann\u00e9es auparavant prend un [&hellip;]","og_url":"https:\/\/www.ville-eugenie-les-bains.fr\/elb\/histoire-eugenielesbains\/","og_site_name":"Eug\u00e9nie-les-Bains village thermal","article_publisher":"https:\/\/www.facebook.com\/Eug%c3%a9nie-les-Bains-animations-106187096146451\/","article_modified_time":"2020-03-05T10:36:07+00:00","twitter_card":"summary_large_image","twitter_site":"@EugenieLesBains","twitter_misc":{"Dur\u00e9e de lecture estim\u00e9e":"13 minutes"},"schema":{"@context":"https:\/\/schema.org","@graph":[{"@type":"WebPage","@id":"https:\/\/www.ville-eugenie-les-bains.fr\/elb\/histoire-eugenielesbains\/","url":"https:\/\/www.ville-eugenie-les-bains.fr\/elb\/histoire-eugenielesbains\/","name":"L'histoire d'Eug\u00e9nie - Eug\u00e9nie-les-Bains village thermal","isPartOf":{"@id":"https:\/\/www.ville-eugenie-les-bains.fr\/elb\/#website"},"datePublished":"2017-04-28T15:43:19+00:00","dateModified":"2020-03-05T10:36:07+00:00","breadcrumb":{"@id":"https:\/\/www.ville-eugenie-les-bains.fr\/elb\/histoire-eugenielesbains\/#breadcrumb"},"inLanguage":"fr-FR","potentialAction":[{"@type":"ReadAction","target":["https:\/\/www.ville-eugenie-les-bains.fr\/elb\/histoire-eugenielesbains\/"]}]},{"@type":"BreadcrumbList","@id":"https:\/\/www.ville-eugenie-les-bains.fr\/elb\/histoire-eugenielesbains\/#breadcrumb","itemListElement":[{"@type":"ListItem","position":1,"name":"Accueil","item":"https:\/\/www.ville-eugenie-les-bains.fr\/elb\/"},{"@type":"ListItem","position":2,"name":"L&rsquo;histoire d&rsquo;Eug\u00e9nie"}]},{"@type":"WebSite","@id":"https:\/\/www.ville-eugenie-les-bains.fr\/elb\/#website","url":"https:\/\/www.ville-eugenie-les-bains.fr\/elb\/","name":"Eug\u00e9nie-les-Bains village thermal","description":"site officiel d&#039;Eug\u00e9nie-les-Bains","potentialAction":[{"@type":"SearchAction","target":{"@type":"EntryPoint","urlTemplate":"https:\/\/www.ville-eugenie-les-bains.fr\/elb\/?s={search_term_string}"},"query-input":{"@type":"PropertyValueSpecification","valueRequired":true,"valueName":"search_term_string"}}],"inLanguage":"fr-FR"}]}},"jetpack_shortlink":"https:\/\/wp.me\/P8CeHm-aQ","jetpack-related-posts":[{"id":1883,"url":"https:\/\/www.ville-eugenie-les-bains.fr\/elb\/informations-mairie\/","url_meta":{"origin":672,"position":0},"title":"Informations Mairie","author":"ELBdigital","date":"16 juin 2017","format":false,"excerpt":"","rel":"","context":"Article similaire","block_context":{"text":"Article similaire","link":""},"img":{"alt_text":"","src":"","width":0,"height":0},"classes":[]},{"id":1251,"url":"https:\/\/www.ville-eugenie-les-bains.fr\/elb\/cimetiere\/","url_meta":{"origin":672,"position":1},"title":"Le cimeti\u00e8re","author":"ELBdigital","date":"24 mai 2017","format":false,"excerpt":"","rel":"","context":"Article similaire","block_context":{"text":"Article similaire","link":""},"img":{"alt_text":"","src":"","width":0,"height":0},"classes":[]},{"id":4647,"url":"https:\/\/www.ville-eugenie-les-bains.fr\/elb\/comptes-rendus-du-conseil-municipal\/","url_meta":{"origin":672,"position":2},"title":"Comptes-rendus du conseil municipal","author":"ELBdigital","date":"12 juillet 2022","format":false,"excerpt":"","rel":"","context":"Article similaire","block_context":{"text":"Article similaire","link":""},"img":{"alt_text":"","src":"","width":0,"height":0},"classes":[]},{"id":1199,"url":"https:\/\/www.ville-eugenie-les-bains.fr\/elb\/marche\/","url_meta":{"origin":672,"position":3},"title":"Le March\u00e9","author":"ELBdigital","date":"24 mai 2017","format":false,"excerpt":"","rel":"","context":"Article similaire","block_context":{"text":"Article similaire","link":""},"img":{"alt_text":"","src":"","width":0,"height":0},"classes":[]},{"id":1006,"url":"https:\/\/www.ville-eugenie-les-bains.fr\/elb\/ecole-eugenielesbains\/","url_meta":{"origin":672,"position":4},"title":"Ecole","author":"ELBdigital","date":"12 mai 2017","format":false,"excerpt":"","rel":"","context":"Article similaire","block_context":{"text":"Article similaire","link":""},"img":{"alt_text":"","src":"","width":0,"height":0},"classes":[]},{"id":1830,"url":"https:\/\/www.ville-eugenie-les-bains.fr\/elb\/location-hotel-camping\/","url_meta":{"origin":672,"position":5},"title":"H\u00e9bergements","author":"ELBdigital","date":"14 juin 2017","format":false,"excerpt":"","rel":"","context":"Article similaire","block_context":{"text":"Article similaire","link":""},"img":{"alt_text":"","src":"","width":0,"height":0},"classes":[]}],"jetpack_sharing_enabled":true,"_links":{"self":[{"href":"https:\/\/www.ville-eugenie-les-bains.fr\/elb\/wp-json\/wp\/v2\/pages\/672","targetHints":{"allow":["GET"]}}],"collection":[{"href":"https:\/\/www.ville-eugenie-les-bains.fr\/elb\/wp-json\/wp\/v2\/pages"}],"about":[{"href":"https:\/\/www.ville-eugenie-les-bains.fr\/elb\/wp-json\/wp\/v2\/types\/page"}],"author":[{"embeddable":true,"href":"https:\/\/www.ville-eugenie-les-bains.fr\/elb\/wp-json\/wp\/v2\/users\/1"}],"replies":[{"embeddable":true,"href":"https:\/\/www.ville-eugenie-les-bains.fr\/elb\/wp-json\/wp\/v2\/comments?post=672"}],"version-history":[{"count":55,"href":"https:\/\/www.ville-eugenie-les-bains.fr\/elb\/wp-json\/wp\/v2\/pages\/672\/revisions"}],"predecessor-version":[{"id":3833,"href":"https:\/\/www.ville-eugenie-les-bains.fr\/elb\/wp-json\/wp\/v2\/pages\/672\/revisions\/3833"}],"wp:attachment":[{"href":"https:\/\/www.ville-eugenie-les-bains.fr\/elb\/wp-json\/wp\/v2\/media?parent=672"}],"curies":[{"name":"wp","href":"https:\/\/api.w.org\/{rel}","templated":true}]}}